{"id":3015,"date":"2023-01-17T15:26:08","date_gmt":"2023-01-17T15:26:08","guid":{"rendered":"https:\/\/www.mountica.sk\/about-us\/"},"modified":"2024-02-15T13:28:48","modified_gmt":"2024-02-15T13:28:48","slug":"about-us","status":"publish","type":"page","link":"https:\/\/www.mountica.sk\/en\/about-us\/","title":{"rendered":"About us"},"content":{"rendered":"\t\t<div data-elementor-type=\"wp-page\" data-elementor-id=\"3015\" class=\"elementor elementor-3015 elementor-50\" data-elementor-post-type=\"page\">\n\t\t\t\t<div class=\"elementor-element elementor-element-c1f0a98 animated-fast e-flex e-con-boxed elementor-invisible e-con e-parent\" data-id=\"c1f0a98\" data-element_type=\"container\" data-settings=\"{&quot;background_background&quot;:&quot;video&quot;,&quot;background_video_link&quot;:&quot;https:\\\/\\\/www.mountica.sk\\\/wp-content\\\/uploads\\\/2024\\\/01\\\/mountica-main-jasna-lomnica-final-1-min.mp4&quot;,&quot;background_video_start&quot;:0,&quot;background_play_on_mobile&quot;:&quot;yes&quot;,&quot;animation&quot;:&quot;fadeIn&quot;,&quot;animation_delay&quot;:100}\">\n\t\t\t\t\t<div class=\"e-con-inner\">\n\t\t<div class=\"elementor-background-video-container\">\n\t\t\t\t\t\t\t<video class=\"elementor-background-video-hosted\" autoplay muted playsinline loop><\/video>\n\t\t\t\t\t<\/div><div class=\"elementor-element elementor-element-de3f1fe e-con-full e-flex e-con e-child\" data-id=\"de3f1fe\" data-element_type=\"container\">\n\t\t\t\t<div class=\"elementor-element elementor-element-c0b857b elementor-invisible elementor-widget elementor-widget-heading\" data-id=\"c0b857b\" data-element_type=\"widget\" data-settings=\"{&quot;_animation&quot;:&quot;fadeInLeft&quot;}\" data-widget_type=\"heading.default\">\n\t\t\t\t<div class=\"elementor-widget-container\">\n\t\t\t\t\t<h5 class=\"elementor-heading-title elementor-size-default\">Get to know the whole Tatras  <\/h5>\t\t\t\t<\/div>\n\t\t\t\t<\/div>\n\t\t<div class=\"elementor-element elementor-element-0d32350 e-flex e-con-boxed e-con e-child\" data-id=\"0d32350\" data-element_type=\"container\">\n\t\t\t\t\t<div class=\"e-con-inner\">\n\t\t\t\t<div class=\"elementor-element elementor-element-274df27 elementor-widget__width-initial elementor-invisible elementor-widget elementor-widget-heading\" data-id=\"274df27\" data-element_type=\"widget\" data-settings=\"{&quot;_animation&quot;:&quot;fadeInLeft&quot;,&quot;_animation_delay&quot;:200}\" data-widget_type=\"heading.default\">\n\t\t\t\t<div class=\"elementor-widget-container\">\n\t\t\t\t\t<h1 class=\"elementor-heading-title elementor-size-default\">Nature, relaxation or sport throughout the year<\/h1>\t\t\t\t<\/div>\n\t\t\t\t<\/div>\n\t\t\t\t<div class=\"elementor-element elementor-element-e636131 elementor-view-framed elementor-shape-circle elementor-invisible elementor-widget elementor-widget-icon\" data-id=\"e636131\" data-element_type=\"widget\" data-settings=\"{&quot;_animation&quot;:&quot;fadeInUp&quot;,&quot;_animation_delay&quot;:500}\" data-widget_type=\"icon.default\">\n\t\t\t\t<div class=\"elementor-widget-container\">\n\t\t\t\t\t\t\t<div class=\"elementor-icon-wrapper\">\n\t\t\t<a class=\"elementor-icon elementor-animation-sink\" href=\"#scroll\">\n\t\t\t<i aria-hidden=\"true\" class=\"jki jki-arrow-down-line\"><\/i>\t\t\t<\/a>\n\t\t<\/div>\n\t\t\t\t\t\t<\/div>\n\t\t\t\t<\/div>\n\t\t\t\t\t<\/div>\n\t\t\t\t<\/div>\n\t\t\t\t<\/div>\n\t\t\t\t\t<\/div>\n\t\t\t\t<\/div>\n\t\t\t\t<section class=\"elementor-section elementor-top-section elementor-element elementor-element-237363ed elementor-section-boxed elementor-section-height-default elementor-section-height-default\" data-id=\"237363ed\" data-element_type=\"section\" id=\"scroll\">\n\t\t\t\t\t\t<div class=\"elementor-container elementor-column-gap-default\">\n\t\t\t\t\t<div class=\"elementor-column elementor-col-100 elementor-top-column elementor-element elementor-element-6d62688d\" data-id=\"6d62688d\" data-element_type=\"column\">\n\t\t\t<div class=\"elementor-widget-wrap elementor-element-populated\">\n\t\t\t\t\t\t<section class=\"elementor-section elementor-inner-section elementor-element elementor-element-4a69bb04 elementor-section-content-bottom elementor-section-boxed elementor-section-height-default elementor-section-height-default\" data-id=\"4a69bb04\" data-element_type=\"section\">\n\t\t\t\t\t\t<div class=\"elementor-container elementor-column-gap-no\">\n\t\t\t\t\t<div class=\"elementor-column elementor-col-50 elementor-inner-column elementor-element elementor-element-d7d991e\" data-id=\"d7d991e\" data-element_type=\"column\">\n\t\t\t<div class=\"elementor-widget-wrap elementor-element-populated\">\n\t\t\t\t\t\t<div class=\"elementor-element elementor-element-15df199e elementor-invisible elementor-widget elementor-widget-heading\" data-id=\"15df199e\" data-element_type=\"widget\" data-settings=\"{&quot;_animation&quot;:&quot;fadeInLeft&quot;}\" data-widget_type=\"heading.default\">\n\t\t\t\t<div class=\"elementor-widget-container\">\n\t\t\t\t\t<h5 class=\"elementor-heading-title elementor-size-default\">Our apartments<\/h5>\t\t\t\t<\/div>\n\t\t\t\t<\/div>\n\t\t\t\t<div class=\"elementor-element elementor-element-4a20e093 elementor-widget elementor-widget-heading\" data-id=\"4a20e093\" data-element_type=\"widget\" data-widget_type=\"heading.default\">\n\t\t\t\t<div class=\"elementor-widget-container\">\n\t\t\t\t\t<h2 class=\"elementor-heading-title elementor-size-default\">They fulfill everything for a perfect stay\nNeed<\/h2>\t\t\t\t<\/div>\n\t\t\t\t<\/div>\n\t\t\t\t\t<\/div>\n\t\t<\/div>\n\t\t\t\t<div class=\"elementor-column elementor-col-50 elementor-inner-column elementor-element elementor-element-44eb9c66\" data-id=\"44eb9c66\" data-element_type=\"column\">\n\t\t\t<div class=\"elementor-widget-wrap elementor-element-populated\">\n\t\t\t\t\t\t<div class=\"elementor-element elementor-element-5ce19dd9 elementor-hidden-desktop elementor-hidden-tablet elementor-hidden-mobile elementor-widget elementor-widget-text-editor\" data-id=\"5ce19dd9\" data-element_type=\"widget\" data-widget_type=\"text-editor.default\">\n\t\t\t\t<div class=\"elementor-widget-container\">\n\t\t\t\t\t\t\t\t\t<p>Lorem ipsum dolor sit amet, consectetur adipiscing elit, sed do eiusmod tempor incididunt ut labore et dolore magna aliqua. Ut enim ad minim veniam, quis nostrud exercitation<\/p>\n\t\t\t\t\t\t\t\t<\/div>\n\t\t\t\t<\/div>\n\t\t\t\t\t<\/div>\n\t\t<\/div>\n\t\t\t\t\t<\/div>\n\t\t<\/section>\n\t\t\t\t<section class=\"elementor-section elementor-inner-section elementor-element elementor-element-6fbd1603 elementor-section-content-bottom elementor-section-boxed elementor-section-height-default elementor-section-height-default\" data-id=\"6fbd1603\" data-element_type=\"section\">\n\t\t\t\t\t\t<div class=\"elementor-container elementor-column-gap-no\">\n\t\t\t\t\t<div class=\"elementor-column elementor-col-33 elementor-inner-column elementor-element elementor-element-fbfa9d5 elementor-invisible\" data-id=\"fbfa9d5\" data-element_type=\"column\" data-settings=\"{&quot;background_background&quot;:&quot;classic&quot;,&quot;animation&quot;:&quot;fadeInUp&quot;,&quot;animation_delay&quot;:200}\">\n\t\t\t<div class=\"elementor-widget-wrap elementor-element-populated\">\n\t\t\t\t\t<div class=\"elementor-background-overlay\"><\/div>\n\t\t\t\t\t\t<div class=\"elementor-element elementor-element-37bfd569 elementor-widget elementor-widget-spacer\" data-id=\"37bfd569\" data-element_type=\"widget\" data-widget_type=\"spacer.default\">\n\t\t\t\t<div class=\"elementor-widget-container\">\n\t\t\t\t\t\t\t<div class=\"elementor-spacer\">\n\t\t\t<div class=\"elementor-spacer-inner\"><\/div>\n\t\t<\/div>\n\t\t\t\t\t\t<\/div>\n\t\t\t\t<\/div>\n\t\t\t\t<div class=\"elementor-element elementor-element-78ed4286 jkit-equal-height-disable elementor-widget elementor-widget-jkit_icon_box\" data-id=\"78ed4286\" data-element_type=\"widget\" data-widget_type=\"jkit_icon_box.default\">\n\t\t\t\t<div class=\"elementor-widget-container\">\n\t\t\t\t\t<div  class=\"jeg-elementor-kit jkit-icon-box icon-position- elementor-animation- jeg_module___69f5adbec045f\" ><div class=\"jkit-icon-box-wrapper hover-from-left\"><div class=\"icon-box icon-box-body\">\n                <h3 class=\"title\">Jasn\u00e1, Low Tatras  <\/h3><p class=\"icon-box-description\">Apartment directly on the slopes<\/p><div class=\"icon-box-button \">\n                <div class=\"btn-wrapper icon-position-after\">\n                    <a href=\"https:\/\/www.mountica.sk\/en\/apartments-jasna\/\" class=\"icon-box-link\" target=\"_blank\" aria-label=\"More \u02c3\">More \u02c3<\/a>\n                <\/div>\n            <\/div>\n            <\/div>\n            \n            <\/div><\/div>\t\t\t\t<\/div>\n\t\t\t\t<\/div>\n\t\t\t\t\t<\/div>\n\t\t<\/div>\n\t\t\t\t<div class=\"elementor-column elementor-col-33 elementor-inner-column elementor-element elementor-element-67d906e1 elementor-invisible\" data-id=\"67d906e1\" data-element_type=\"column\" data-settings=\"{&quot;background_background&quot;:&quot;classic&quot;,&quot;animation&quot;:&quot;fadeInUp&quot;,&quot;animation_delay&quot;:400}\">\n\t\t\t<div class=\"elementor-widget-wrap elementor-element-populated\">\n\t\t\t\t\t<div class=\"elementor-background-overlay\"><\/div>\n\t\t\t\t\t\t<div class=\"elementor-element elementor-element-70a1a52b elementor-widget elementor-widget-spacer\" data-id=\"70a1a52b\" data-element_type=\"widget\" data-widget_type=\"spacer.default\">\n\t\t\t\t<div class=\"elementor-widget-container\">\n\t\t\t\t\t\t\t<div class=\"elementor-spacer\">\n\t\t\t<div class=\"elementor-spacer-inner\"><\/div>\n\t\t<\/div>\n\t\t\t\t\t\t<\/div>\n\t\t\t\t<\/div>\n\t\t\t\t<div class=\"elementor-element elementor-element-6826c3a8 jkit-equal-height-disable elementor-widget elementor-widget-jkit_icon_box\" data-id=\"6826c3a8\" data-element_type=\"widget\" data-widget_type=\"jkit_icon_box.default\">\n\t\t\t\t<div class=\"elementor-widget-container\">\n\t\t\t\t\t<div  class=\"jeg-elementor-kit jkit-icon-box icon-position- elementor-animation- jeg_module__1_69f5adbec0f7f\" ><div class=\"jkit-icon-box-wrapper hover-from-left\"><div class=\"icon-box icon-box-body\">\n                <h3 class=\"title\">Ve\u013ek\u00e1 Lomnica, High Tatras<\/h3><p class=\"icon-box-description\">Apartment in the heart of the golf course<\/p><div class=\"icon-box-button \">\n                <div class=\"btn-wrapper icon-position-after\">\n                    <a href=\"\/apartments-velka-lomnica\/\" class=\"icon-box-link\" target=\"_blank\" aria-label=\"More \u02c3\">More \u02c3<\/a>\n                <\/div>\n            <\/div>\n            <\/div>\n            \n            <\/div><\/div>\t\t\t\t<\/div>\n\t\t\t\t<\/div>\n\t\t\t\t\t<\/div>\n\t\t<\/div>\n\t\t\t\t<div class=\"elementor-column elementor-col-33 elementor-inner-column elementor-element elementor-element-44db9237 elementor-invisible\" data-id=\"44db9237\" data-element_type=\"column\" data-settings=\"{&quot;background_background&quot;:&quot;classic&quot;,&quot;animation&quot;:&quot;fadeInUp&quot;,&quot;animation_delay&quot;:600}\">\n\t\t\t<div class=\"elementor-widget-wrap elementor-element-populated\">\n\t\t\t\t\t<div class=\"elementor-background-overlay\"><\/div>\n\t\t\t\t\t\t<div class=\"elementor-element elementor-element-554138b7 elementor-widget elementor-widget-spacer\" data-id=\"554138b7\" data-element_type=\"widget\" data-widget_type=\"spacer.default\">\n\t\t\t\t<div class=\"elementor-widget-container\">\n\t\t\t\t\t\t\t<div class=\"elementor-spacer\">\n\t\t\t<div class=\"elementor-spacer-inner\"><\/div>\n\t\t<\/div>\n\t\t\t\t\t\t<\/div>\n\t\t\t\t<\/div>\n\t\t\t\t<div class=\"elementor-element elementor-element-34e6e9e7 jkit-equal-height-disable elementor-widget elementor-widget-jkit_icon_box\" data-id=\"34e6e9e7\" data-element_type=\"widget\" data-widget_type=\"jkit_icon_box.default\">\n\t\t\t\t<div class=\"elementor-widget-container\">\n\t\t\t\t\t<div  class=\"jeg-elementor-kit jkit-icon-box icon-position- elementor-animation- jeg_module__2_69f5adbec19ff\" ><div class=\"jkit-icon-box-wrapper hover-from-left\"><div class=\"icon-box icon-box-body\">\n                <h3 class=\"title\">Tatransk\u00e1 Lomnica, High Tatras<\/h3><p class=\"icon-box-description\">Apartment in the middle of the mountains<\/p><div class=\"icon-box-button \">\n                <div class=\"btn-wrapper icon-position-after\">\n                    <a href=\"\/tatranska-lomnica\/\" class=\"icon-box-link\" target=\"_blank\" aria-label=\"More \u02c3\">More \u02c3<\/a>\n                <\/div>\n            <\/div>\n            <\/div>\n            <div class=\"icon-box-badge bottomright\">\n                <span class=\"badge-text\">Coming soon<\/span>\n            <\/div>\n            <\/div><\/div>\t\t\t\t<\/div>\n\t\t\t\t<\/div>\n\t\t\t\t\t<\/div>\n\t\t<\/div>\n\t\t\t\t\t<\/div>\n\t\t<\/section>\n\t\t<div class=\"elementor-element elementor-element-4835261 e-con-full elementor-hidden-desktop elementor-hidden-tablet elementor-hidden-mobile e-flex e-con e-parent\" data-id=\"4835261\" data-element_type=\"container\">\n\t\t<a class=\"elementor-element elementor-element-0555c33 e-con-full e-flex elementor-invisible e-con e-child\" data-id=\"0555c33\" data-element_type=\"container\" data-settings=\"{&quot;background_background&quot;:&quot;classic&quot;,&quot;animation&quot;:&quot;fadeInUp&quot;,&quot;animation_delay&quot;:200}\" href=\"https:\/\/www.mountica.sk\/en\/apartments-jasna\/\">\n\t\t\t\t<div class=\"elementor-element elementor-element-a035ffd elementor-widget elementor-widget-spacer\" data-id=\"a035ffd\" data-element_type=\"widget\" data-widget_type=\"spacer.default\">\n\t\t\t\t<div class=\"elementor-widget-container\">\n\t\t\t\t\t\t\t<div class=\"elementor-spacer\">\n\t\t\t<div class=\"elementor-spacer-inner\"><\/div>\n\t\t<\/div>\n\t\t\t\t\t\t<\/div>\n\t\t\t\t<\/div>\n\t\t\t\t<div class=\"elementor-element elementor-element-3f5b313 jkit-equal-height-disable elementor-widget elementor-widget-jkit_icon_box\" data-id=\"3f5b313\" data-element_type=\"widget\" data-widget_type=\"jkit_icon_box.default\">\n\t\t\t\t<div class=\"elementor-widget-container\">\n\t\t\t\t\t<div  class=\"jeg-elementor-kit jkit-icon-box icon-position- elementor-animation- jeg_module__3_69f5adbec2a36\" ><div class=\"jkit-icon-box-wrapper hover-from-left\"><div class=\"icon-box icon-box-body\">\n                <h3 class=\"title\">Jasn\u00e1, Low Tatras  <\/h3><p class=\"icon-box-description\">Apartment directly on the slopes<\/p>\n            <\/div>\n            \n            <\/div><\/div>\t\t\t\t<\/div>\n\t\t\t\t<\/div>\n\t\t\t\t<\/a>\n\t\t<div class=\"elementor-element elementor-element-6d5f91e e-con-full e-flex elementor-invisible e-con e-child\" data-id=\"6d5f91e\" data-element_type=\"container\" data-settings=\"{&quot;background_background&quot;:&quot;classic&quot;,&quot;animation&quot;:&quot;fadeInUp&quot;,&quot;animation_delay&quot;:400}\">\n\t\t\t\t<div class=\"elementor-element elementor-element-7356464 elementor-widget elementor-widget-spacer\" data-id=\"7356464\" data-element_type=\"widget\" data-widget_type=\"spacer.default\">\n\t\t\t\t<div class=\"elementor-widget-container\">\n\t\t\t\t\t\t\t<div class=\"elementor-spacer\">\n\t\t\t<div class=\"elementor-spacer-inner\"><\/div>\n\t\t<\/div>\n\t\t\t\t\t\t<\/div>\n\t\t\t\t<\/div>\n\t\t\t\t<div class=\"elementor-element elementor-element-b43014f jkit-equal-height-disable elementor-widget elementor-widget-jkit_icon_box\" data-id=\"b43014f\" data-element_type=\"widget\" data-widget_type=\"jkit_icon_box.default\">\n\t\t\t\t<div class=\"elementor-widget-container\">\n\t\t\t\t\t<div  class=\"jeg-elementor-kit jkit-icon-box icon-position- elementor-animation- jeg_module__4_69f5adbec3594\" ><div class=\"jkit-icon-box-wrapper hover-from-left\"><div class=\"icon-box icon-box-body\">\n                <h3 class=\"title\">Ve\u013ek\u00e1 \u013domnica, High Tatras<\/h3><p class=\"icon-box-description\">Apartment in the heart of the golf course<\/p><div class=\"icon-box-button \">\n                <div class=\"btn-wrapper icon-position-after\">\n                    <a href=\"\/apartments-velka-lomnica\/\" class=\"icon-box-link\" target=\"_blank\" aria-label=\"More \u02c3\">More \u02c3<\/a>\n                <\/div>\n            <\/div>\n            <\/div>\n            \n            <\/div><\/div>\t\t\t\t<\/div>\n\t\t\t\t<\/div>\n\t\t\t\t<\/div>\n\t\t<div class=\"elementor-element elementor-element-885778c e-con-full e-flex elementor-invisible e-con e-child\" data-id=\"885778c\" data-element_type=\"container\" data-settings=\"{&quot;background_background&quot;:&quot;classic&quot;,&quot;animation&quot;:&quot;fadeInUp&quot;,&quot;animation_delay&quot;:600}\">\n\t\t\t\t<div class=\"elementor-element elementor-element-1dd7304 elementor-widget elementor-widget-spacer\" data-id=\"1dd7304\" data-element_type=\"widget\" data-widget_type=\"spacer.default\">\n\t\t\t\t<div class=\"elementor-widget-container\">\n\t\t\t\t\t\t\t<div class=\"elementor-spacer\">\n\t\t\t<div class=\"elementor-spacer-inner\"><\/div>\n\t\t<\/div>\n\t\t\t\t\t\t<\/div>\n\t\t\t\t<\/div>\n\t\t\t\t<div class=\"elementor-element elementor-element-b755864 jkit-equal-height-disable elementor-widget elementor-widget-jkit_icon_box\" data-id=\"b755864\" data-element_type=\"widget\" data-widget_type=\"jkit_icon_box.default\">\n\t\t\t\t<div class=\"elementor-widget-container\">\n\t\t\t\t\t<div  class=\"jeg-elementor-kit jkit-icon-box icon-position- elementor-animation- jeg_module__5_69f5adbec41b9\" ><div class=\"jkit-icon-box-wrapper hover-from-left\"><div class=\"icon-box icon-box-body\">\n                <h3 class=\"title\">Tatransk\u00e1 \u013domnica, High Tatras<\/h3><p class=\"icon-box-description\">Apartment in the middle of the mountains<\/p><div class=\"icon-box-button \">\n                <div class=\"btn-wrapper icon-position-after\">\n                    <a href=\"\/tatranska-lomnica\/\" class=\"icon-box-link\" target=\"_blank\" aria-label=\"More \u02c3\">More \u02c3<\/a>\n                <\/div>\n            <\/div>\n            <\/div>\n            <div class=\"icon-box-badge bottomright\">\n                <span class=\"badge-text\">Coming soon<\/span>\n            <\/div>\n            <\/div><\/div>\t\t\t\t<\/div>\n\t\t\t\t<\/div>\n\t\t\t\t<\/div>\n\t\t\t\t<\/div>\n\t\t\t\t\t<\/div>\n\t\t<\/div>\n\t\t\t\t\t<\/div>\n\t\t<\/section>\n\t\t\t\t<section class=\"elementor-section elementor-top-section elementor-element elementor-element-478517cd elementor-section-content-middle elementor-section-boxed elementor-section-height-default elementor-section-height-default\" data-id=\"478517cd\" data-element_type=\"section\">\n\t\t\t\t\t\t<div class=\"elementor-container elementor-column-gap-default\">\n\t\t\t\t\t<div class=\"elementor-column elementor-col-50 elementor-top-column elementor-element elementor-element-3089b37d\" data-id=\"3089b37d\" data-element_type=\"column\">\n\t\t\t<div class=\"elementor-widget-wrap elementor-element-populated\">\n\t\t\t\t\t\t<div class=\"elementor-element elementor-element-53e6049b animated-slow elementor-invisible elementor-widget elementor-widget-heading\" data-id=\"53e6049b\" data-element_type=\"widget\" data-settings=\"{&quot;_animation&quot;:&quot;fadeInLeft&quot;}\" data-widget_type=\"heading.default\">\n\t\t\t\t<div class=\"elementor-widget-container\">\n\t\t\t\t\t<h5 class=\"elementor-heading-title elementor-size-default\">ReviewsE<\/h5>\t\t\t\t<\/div>\n\t\t\t\t<\/div>\n\t\t\t\t<div class=\"elementor-element elementor-element-18d25f13 elementor-widget elementor-widget-heading\" data-id=\"18d25f13\" data-element_type=\"widget\" data-widget_type=\"heading.default\">\n\t\t\t\t<div class=\"elementor-widget-container\">\n\t\t\t\t\t<h2 class=\"elementor-heading-title elementor-size-default\">Find out what they say about us<\/h2>\t\t\t\t<\/div>\n\t\t\t\t<\/div>\n\t\t\t\t<div class=\"elementor-element elementor-element-706455dc elementor-widget elementor-widget-text-editor\" data-id=\"706455dc\" data-element_type=\"widget\" data-widget_type=\"text-editor.default\">\n\t\t\t\t<div class=\"elementor-widget-container\">\n\t\t\t\t\t\t\t\t\t<p>Each of us prefers something different, so if you haven&#8217;t found all the answers to your questions, our customer reviews can help. We hope that after your stay with us, you will write yours to us too.<\/p>\n\t\t\t\t\t\t\t\t<\/div>\n\t\t\t\t<\/div>\n\t\t\t\t\t<\/div>\n\t\t<\/div>\n\t\t\t\t<div class=\"elementor-column elementor-col-50 elementor-top-column elementor-element elementor-element-76a98ef1\" data-id=\"76a98ef1\" data-element_type=\"column\">\n\t\t\t<div class=\"elementor-widget-wrap elementor-element-populated\">\n\t\t\t\t\t\t<section class=\"elementor-section elementor-inner-section elementor-element elementor-element-548aca82 elementor-section-content-middle elementor-section-boxed elementor-section-height-default elementor-section-height-default\" data-id=\"548aca82\" data-element_type=\"section\">\n\t\t\t\t\t\t<div class=\"elementor-container elementor-column-gap-no\">\n\t\t\t\t\t<div class=\"elementor-column elementor-col-50 elementor-inner-column elementor-element elementor-element-610273d9\" data-id=\"610273d9\" data-element_type=\"column\">\n\t\t\t<div class=\"elementor-widget-wrap elementor-element-populated\">\n\t\t\t\t\t\t<div class=\"elementor-element elementor-element-1c551ec1 elementor-widget__width-initial elementor-widget-mobile__width-inherit elementor-widget elementor-widget-heading\" data-id=\"1c551ec1\" data-element_type=\"widget\" data-widget_type=\"heading.default\">\n\t\t\t\t<div class=\"elementor-widget-container\">\n\t\t\t\t\t<h3 class=\"elementor-heading-title elementor-size-default\">Rating of apartments<\/h3>\t\t\t\t<\/div>\n\t\t\t\t<\/div>\n\t\t\t\t\t<\/div>\n\t\t<\/div>\n\t\t\t\t<div class=\"elementor-column elementor-col-50 elementor-inner-column elementor-element elementor-element-a4f3e27\" data-id=\"a4f3e27\" data-element_type=\"column\">\n\t\t\t<div class=\"elementor-widget-wrap elementor-element-populated\">\n\t\t\t\t\t\t<div class=\"elementor-element elementor-element-79a2c958 elementor-star-rating-mobile--align-center elementor--star-style-star_unicode elementor-widget elementor-widget-star-rating\" data-id=\"79a2c958\" data-element_type=\"widget\" data-widget_type=\"star-rating.default\">\n\t\t\t\t<div class=\"elementor-widget-container\">\n\t\t\t\t\t\n\t\t<div class=\"elementor-star-rating__wrapper\">\n\t\t\t\t\t\t<div class=\"elementor-star-rating\" title=\"5\/5\" itemtype=\"http:\/\/schema.org\/Rating\" itemscope=\"\" itemprop=\"reviewRating\"><i class=\"elementor-star-full\">&#9733;<\/i><i class=\"elementor-star-full\">&#9733;<\/i><i class=\"elementor-star-full\">&#9733;<\/i><i class=\"elementor-star-full\">&#9733;<\/i><i class=\"elementor-star-full\">&#9733;<\/i> <span itemprop=\"ratingValue\" class=\"elementor-screen-only\">5\/5<\/span><\/div>\t\t<\/div>\n\t\t\t\t\t\t<\/div>\n\t\t\t\t<\/div>\n\t\t\t\t<div class=\"elementor-element elementor-element-23a4712c elementor-widget elementor-widget-text-editor\" data-id=\"23a4712c\" data-element_type=\"widget\" data-widget_type=\"text-editor.default\">\n\t\t\t\t<div class=\"elementor-widget-container\">\n\t\t\t\t\t\t\t\t\t<p>Average rating 5 \/ 5<\/p>\n\t\t\t\t\t\t\t\t<\/div>\n\t\t\t\t<\/div>\n\t\t\t\t\t<\/div>\n\t\t<\/div>\n\t\t\t\t\t<\/div>\n\t\t<\/section>\n\t\t\t\t\t<\/div>\n\t\t<\/div>\n\t\t\t\t\t<\/div>\n\t\t<\/section>\n\t\t\t\t<section class=\"elementor-section elementor-top-section elementor-element elementor-element-719cd471 elementor-section-content-middle elementor-section-boxed elementor-section-height-default elementor-section-height-default\" data-id=\"719cd471\" data-element_type=\"section\">\n\t\t\t\t\t\t<div class=\"elementor-container elementor-column-gap-default\">\n\t\t\t\t\t<div class=\"elementor-column elementor-col-100 elementor-top-column elementor-element elementor-element-543c4a2\" data-id=\"543c4a2\" data-element_type=\"column\" data-settings=\"{&quot;background_background&quot;:&quot;classic&quot;}\">\n\t\t\t<div class=\"elementor-widget-wrap elementor-element-populated\">\n\t\t\t\t\t\t<div class=\"elementor-element elementor-element-59dbbac1 elementor-invisible elementor-widget elementor-widget-jkit_testimonials\" data-id=\"59dbbac1\" data-element_type=\"widget\" data-settings=\"{&quot;_animation&quot;:&quot;fadeInUp&quot;,&quot;_animation_delay&quot;:200}\" data-widget_type=\"jkit_testimonials.default\">\n\t\t\t\t<div class=\"elementor-widget-container\">\n\t\t\t\t\t<div  class=\"jeg-elementor-kit jkit-testimonials arrow-bottom-edge style-2 quote-override jeg_module__6_69f5adbec9328\"  data-id=\"jeg_module__6_69f5adbec9328\" data-settings=\"{&quot;autoplay&quot;:true,&quot;autoplay_speed&quot;:3500,&quot;autoplay_hover_pause&quot;:false,&quot;show_navigation&quot;:false,&quot;navigation_left&quot;:&quot;&lt;span&gt;&lt;i aria-hidden=\\&quot;true\\&quot; class=\\&quot;jki jki-left-arrow-light\\&quot;&gt;&lt;\\\/i&gt;&lt;\\\/span&gt;&quot;,&quot;navigation_right&quot;:&quot;&lt;span&gt;&lt;i aria-hidden=\\&quot;true\\&quot; class=\\&quot;jki jki-right-arrow-light\\&quot;&gt;&lt;\\\/i&gt;&lt;\\\/span&gt;&quot;,&quot;show_dots&quot;:false,&quot;arrow_position&quot;:&quot;bottom&quot;,&quot;responsive&quot;:{&quot;desktop&quot;:{&quot;items&quot;:2,&quot;margin&quot;:10,&quot;breakpoint&quot;:1025},&quot;tablet&quot;:{&quot;items&quot;:2,&quot;margin&quot;:10,&quot;breakpoint&quot;:768},&quot;mobile&quot;:{&quot;items&quot;:1,&quot;margin&quot;:10,&quot;breakpoint&quot;:0}}}\"><div class=\"testimonials-list\">\n            <div class=\"testimonials-track\"><div class=\"testimonial-item fix-height elementor-repeater-item-6e9b2e1\">\n                    <div class=\"testimonial-box hover-from-left\" >\n                        <div class=\"comment-header\"><ul class=\"rating-stars\"><li><i aria-hidden=\"true\" class=\"jki jki-star-solid\"><\/i><\/li><li><i aria-hidden=\"true\" class=\"jki jki-star-solid\"><\/i><\/li><li><i aria-hidden=\"true\" class=\"jki jki-star-solid\"><\/i><\/li><li><i aria-hidden=\"true\" class=\"jki jki-star-solid\"><\/i><\/li><li><i aria-hidden=\"true\" class=\"jki jki-star-solid\"><\/i><\/li><\/ul><\/div>\n                <div class=\"comment-bio\"><div class=\"bio-details\">\n                <div class=\"profile-image\"><\/div>\n                <span class=\"profile-info\">\n                    <strong class=\"profile-name\">Katar\u00edna \u010cer\u0148ansk\u00e1<\/strong>\n                    <p class=\"profile-des\"><\/p>\n                <\/span>\n            <\/div><div class=\"icon-content\"><\/div><\/div>\n                <div class=\"comment-content\"><p>Beautiful, clean and modern apartment. We found everything we needed for our family in it. There were four of us and we all had plenty of room. I was most charmed by the beautiful view and the possibility to ski directly from the apartment. Even the return is easy because you can ski almost to the entrance. Another plus was the possibility to smoke wood directly in the stove, which is in the apartment. Ideal after a day on the slopes. I recommend...<\/p><\/div>\n                    <\/div>\n                <\/div><div class=\"testimonial-item fix-height elementor-repeater-item-1c4a96f\">\n                    <div class=\"testimonial-box hover-from-left\" >\n                        <div class=\"comment-header\"><ul class=\"rating-stars\"><li><i aria-hidden=\"true\" class=\"jki jki-star-solid\"><\/i><\/li><li><i aria-hidden=\"true\" class=\"jki jki-star-solid\"><\/i><\/li><li><i aria-hidden=\"true\" class=\"jki jki-star-solid\"><\/i><\/li><li><i aria-hidden=\"true\" class=\"jki jki-star-solid\"><\/i><\/li><li><i aria-hidden=\"true\" class=\"jki jki-star-solid\"><\/i><\/li><\/ul><\/div>\n                <div class=\"comment-bio\"><div class=\"bio-details\">\n                <div class=\"profile-image\"><\/div>\n                <span class=\"profile-info\">\n                    <strong class=\"profile-name\">Jaroslav Kaleta<\/strong>\n                    <p class=\"profile-des\"><\/p>\n                <\/span>\n            <\/div><div class=\"icon-content\"><\/div><\/div>\n                <div class=\"comment-content\"><p>My wife and I spent a great weekend in the Jasn\u00e1 apartment. We appreciate the modern design, high quality interior and privacy. The location right on the slope allowed us to enjoy skiing without unnecessary travelling. The owners were very friendly and helpful. Overall we enjoyed maximum comfort and a great stay.<\/p><\/div>\n                    <\/div>\n                <\/div><\/div>\n        <\/div><\/div>\t\t\t\t<\/div>\n\t\t\t\t<\/div>\n\t\t\t\t\t<\/div>\n\t\t<\/div>\n\t\t\t\t\t<\/div>\n\t\t<\/section>\n\t\t\t\t<section class=\"elementor-section elementor-top-section elementor-element elementor-element-3af55e02 elementor-section-boxed elementor-section-height-default elementor-section-height-default\" data-id=\"3af55e02\" data-element_type=\"section\" data-settings=\"{&quot;background_background&quot;:&quot;classic&quot;}\">\n\t\t\t\t\t\t<div class=\"elementor-container elementor-column-gap-default\">\n\t\t\t\t\t<div class=\"elementor-column elementor-col-100 elementor-top-column elementor-element elementor-element-3a5f9b2\" data-id=\"3a5f9b2\" data-element_type=\"column\">\n\t\t\t<div class=\"elementor-widget-wrap elementor-element-populated\">\n\t\t\t\t\t\t<div class=\"elementor-element elementor-element-54d8193b animated-slow elementor-invisible elementor-widget elementor-widget-heading\" data-id=\"54d8193b\" data-element_type=\"widget\" data-settings=\"{&quot;_animation&quot;:&quot;fadeInUp&quot;}\" data-widget_type=\"heading.default\">\n\t\t\t\t<div class=\"elementor-widget-container\">\n\t\t\t\t\t<h5 class=\"elementor-heading-title elementor-size-default\">Galleries<\/h5>\t\t\t\t<\/div>\n\t\t\t\t<\/div>\n\t\t\t\t<div class=\"elementor-element elementor-element-63a77a70 elementor-widget elementor-widget-heading\" data-id=\"63a77a70\" data-element_type=\"widget\" data-widget_type=\"heading.default\">\n\t\t\t\t<div class=\"elementor-widget-container\">\n\t\t\t\t\t<h2 class=\"elementor-heading-title elementor-size-default\">See gallery<\/h2>\t\t\t\t<\/div>\n\t\t\t\t<\/div>\n\t\t\t\t<div class=\"elementor-element elementor-element-363c6ae0 elementor-hidden-desktop elementor-hidden-tablet elementor-hidden-mobile elementor-widget elementor-widget-text-editor\" data-id=\"363c6ae0\" data-element_type=\"widget\" data-widget_type=\"text-editor.default\">\n\t\t\t\t<div class=\"elementor-widget-container\">\n\t\t\t\t\t\t\t\t\t<p>Lorem ipsum dolor sit amet, consectetur adipiscing elit, sed do eiusmod enim tempor incididunt ut labore et dolore magna aliqua<\/p>\n\t\t\t\t\t\t\t\t<\/div>\n\t\t\t\t<\/div>\n\t\t\t\t<div class=\"elementor-element elementor-element-534b5f5 elementor-hidden-desktop elementor-hidden-tablet elementor-hidden-mobile elementor-invisible elementor-widget elementor-widget-jkit_gallery\" data-id=\"534b5f5\" data-element_type=\"widget\" data-settings=\"{&quot;_animation&quot;:&quot;fadeInUp&quot;,&quot;_animation_delay&quot;:200}\" data-widget_type=\"jkit_gallery.default\">\n\t\t\t\t<div class=\"elementor-widget-container\">\n\t\t\t\t\t<div  class=\"jeg-elementor-kit jkit-gallery layout-overlay jeg_module__7_69f5adbecdc60\"  data-grid=\"masonry\" data-id=\"jeg_module__7_69f5adbecdc60\" data-per-page=\"6\" data-load-more=\"9\" data-current-loaded=\"6\" data-count-items=\"10\" data-animation-duration=\"500\" data-no-more=\"No More Item\" data-items=\"[&quot;&lt;div class=\\&quot;gallery-item-wrap \\&quot;&gt; &lt;div class=\\&quot;grid-item\\&quot;&gt;&lt;div class=\\&quot;thumbnail-wrap\\&quot;&gt;&lt;img width=\\&quot;800\\&quot; height=\\&quot;534\\&quot; src=\\&quot;https:\\\/\\\/www.mountica.sk\\\/wp-content\\\/uploads\\\/2023\\\/08\\\/apartman-mountica-jasna-demanovska-dolina-zima-nikon-1900px-5-min-1024x683.webp\\&quot; class=\\&quot;attachment-large size-large\\&quot; alt=\\&quot;\\&quot; url=\\&quot;https:\\\/\\\/www.mountica.sk\\\/wp-content\\\/uploads\\\/2023\\\/08\\\/apartman-mountica-jasna-demanovska-dolina-zima-nikon-1900px-5-min.webp\\&quot; source=\\&quot;library\\&quot; srcset=\\&quot;https:\\\/\\\/www.mountica.sk\\\/wp-content\\\/uploads\\\/2023\\\/08\\\/apartman-mountica-jasna-demanovska-dolina-zima-nikon-1900px-5-min-1024x683.webp 1024w, https:\\\/\\\/www.mountica.sk\\\/wp-content\\\/uploads\\\/2023\\\/08\\\/apartman-mountica-jasna-demanovska-dolina-zima-nikon-1900px-5-min-300x200.webp 300w, https:\\\/\\\/www.mountica.sk\\\/wp-content\\\/uploads\\\/2023\\\/08\\\/apartman-mountica-jasna-demanovska-dolina-zima-nikon-1900px-5-min-768x513.webp 768w, https:\\\/\\\/www.mountica.sk\\\/wp-content\\\/uploads\\\/2023\\\/08\\\/apartman-mountica-jasna-demanovska-dolina-zima-nikon-1900px-5-min-1536x1025.webp 1536w, https:\\\/\\\/www.mountica.sk\\\/wp-content\\\/uploads\\\/2023\\\/08\\\/apartman-mountica-jasna-demanovska-dolina-zima-nikon-1900px-5-min.webp 1900w\\&quot; sizes=\\&quot;(max-width: 800px) 100vw, 800px\\&quot; \\\/&gt;&lt;\\\/div&gt;&lt;a href=\\&quot;https:\\\/\\\/www.mountica.sk\\\/wp-content\\\/uploads\\\/2023\\\/08\\\/apartman-mountica-jasna-demanovska-dolina-zima-nikon-1900px-5-min.webp\\&quot; class=\\&quot;gallery-link\\&quot; rel=\\&quot;nofollow\\&quot; data-elementor-open-lightbox=\\&quot;yes\\&quot; data-elementor-lightbox-slideshow=\\&quot;jkit_gallery_lightbox_jeg_module__7_69f5adbecdc60\\&quot;&gt;&lt;div class=\\&quot;caption-wrap style-overlay overlay-none\\&quot;&gt; &lt;div class=\\&quot;item-hover-bg\\&quot;&gt;&lt;\\\/div&gt; &lt;div class=\\&quot;item-caption-over\\&quot;&gt; &lt;h5 class=\\&quot;item-title\\&quot;&gt;&lt;\\\/h5&gt; &lt;div class=\\&quot;item-content\\&quot;&gt;&lt;\\\/div&gt; &lt;\\\/div&gt; &lt;div class=\\&quot;caption-head\\&quot;&gt;&lt;\\\/div&gt; &lt;div class=\\&quot;caption-category\\&quot;&gt;&lt;\\\/div&gt; &lt;\\\/div&gt;&lt;\\\/a&gt;&lt;\\\/div&gt; &lt;\\\/div&gt;&quot;,&quot;&lt;div class=\\&quot;gallery-item-wrap \\&quot;&gt; &lt;div class=\\&quot;grid-item\\&quot;&gt;&lt;div class=\\&quot;thumbnail-wrap\\&quot;&gt;&lt;img width=\\&quot;800\\&quot; height=\\&quot;534\\&quot; src=\\&quot;https:\\\/\\\/www.mountica.sk\\\/wp-content\\\/uploads\\\/2023\\\/08\\\/apartman-mountica-jasna-demanovska-dolina-zima-nikon-1900px-6-min-1024x683.webp\\&quot; class=\\&quot;attachment-large size-large\\&quot; alt=\\&quot;\\&quot; url=\\&quot;https:\\\/\\\/www.mountica.sk\\\/wp-content\\\/uploads\\\/2023\\\/08\\\/apartman-mountica-jasna-demanovska-dolina-zima-nikon-1900px-6-min.webp\\&quot; source=\\&quot;library\\&quot; srcset=\\&quot;https:\\\/\\\/www.mountica.sk\\\/wp-content\\\/uploads\\\/2023\\\/08\\\/apartman-mountica-jasna-demanovska-dolina-zima-nikon-1900px-6-min-1024x683.webp 1024w, https:\\\/\\\/www.mountica.sk\\\/wp-content\\\/uploads\\\/2023\\\/08\\\/apartman-mountica-jasna-demanovska-dolina-zima-nikon-1900px-6-min-300x200.webp 300w, https:\\\/\\\/www.mountica.sk\\\/wp-content\\\/uploads\\\/2023\\\/08\\\/apartman-mountica-jasna-demanovska-dolina-zima-nikon-1900px-6-min-768x512.webp 768w, https:\\\/\\\/www.mountica.sk\\\/wp-content\\\/uploads\\\/2023\\\/08\\\/apartman-mountica-jasna-demanovska-dolina-zima-nikon-1900px-6-min-1536x1024.webp 1536w, https:\\\/\\\/www.mountica.sk\\\/wp-content\\\/uploads\\\/2023\\\/08\\\/apartman-mountica-jasna-demanovska-dolina-zima-nikon-1900px-6-min.webp 1900w\\&quot; sizes=\\&quot;(max-width: 800px) 100vw, 800px\\&quot; \\\/&gt;&lt;\\\/div&gt;&lt;a href=\\&quot;https:\\\/\\\/www.mountica.sk\\\/wp-content\\\/uploads\\\/2023\\\/08\\\/apartman-mountica-jasna-demanovska-dolina-zima-nikon-1900px-6-min.webp\\&quot; class=\\&quot;gallery-link\\&quot; rel=\\&quot;nofollow\\&quot; data-elementor-open-lightbox=\\&quot;yes\\&quot; data-elementor-lightbox-slideshow=\\&quot;jkit_gallery_lightbox_jeg_module__7_69f5adbecdc60\\&quot;&gt;&lt;div class=\\&quot;caption-wrap style-overlay overlay-none\\&quot;&gt; &lt;div class=\\&quot;item-hover-bg\\&quot;&gt;&lt;\\\/div&gt; &lt;div class=\\&quot;item-caption-over\\&quot;&gt; &lt;h5 class=\\&quot;item-title\\&quot;&gt;&lt;\\\/h5&gt; &lt;div class=\\&quot;item-content\\&quot;&gt;&lt;\\\/div&gt; &lt;\\\/div&gt; &lt;div class=\\&quot;caption-head\\&quot;&gt;&lt;\\\/div&gt; &lt;div class=\\&quot;caption-category\\&quot;&gt;&lt;\\\/div&gt; &lt;\\\/div&gt;&lt;\\\/a&gt;&lt;\\\/div&gt; &lt;\\\/div&gt;&quot;,&quot;&lt;div class=\\&quot;gallery-item-wrap \\&quot;&gt; &lt;div class=\\&quot;grid-item\\&quot;&gt;&lt;div class=\\&quot;thumbnail-wrap\\&quot;&gt;&lt;img width=\\&quot;800\\&quot; height=\\&quot;534\\&quot; src=\\&quot;https:\\\/\\\/www.mountica.sk\\\/wp-content\\\/uploads\\\/2023\\\/08\\\/apartman-mountica-jasna-demanovska-dolina-zima-nikon-1900px-11-min-1024x683.webp\\&quot; class=\\&quot;attachment-large size-large\\&quot; alt=\\&quot;\\&quot; url=\\&quot;https:\\\/\\\/www.mountica.sk\\\/wp-content\\\/uploads\\\/2023\\\/08\\\/apartman-mountica-jasna-demanovska-dolina-zima-nikon-1900px-11-min.webp\\&quot; source=\\&quot;library\\&quot; srcset=\\&quot;https:\\\/\\\/www.mountica.sk\\\/wp-content\\\/uploads\\\/2023\\\/08\\\/apartman-mountica-jasna-demanovska-dolina-zima-nikon-1900px-11-min-1024x683.webp 1024w, https:\\\/\\\/www.mountica.sk\\\/wp-content\\\/uploads\\\/2023\\\/08\\\/apartman-mountica-jasna-demanovska-dolina-zima-nikon-1900px-11-min-300x200.webp 300w, https:\\\/\\\/www.mountica.sk\\\/wp-content\\\/uploads\\\/2023\\\/08\\\/apartman-mountica-jasna-demanovska-dolina-zima-nikon-1900px-11-min-768x513.webp 768w, https:\\\/\\\/www.mountica.sk\\\/wp-content\\\/uploads\\\/2023\\\/08\\\/apartman-mountica-jasna-demanovska-dolina-zima-nikon-1900px-11-min-1536x1025.webp 1536w, https:\\\/\\\/www.mountica.sk\\\/wp-content\\\/uploads\\\/2023\\\/08\\\/apartman-mountica-jasna-demanovska-dolina-zima-nikon-1900px-11-min.webp 1900w\\&quot; sizes=\\&quot;(max-width: 800px) 100vw, 800px\\&quot; \\\/&gt;&lt;\\\/div&gt;&lt;a href=\\&quot;https:\\\/\\\/www.mountica.sk\\\/wp-content\\\/uploads\\\/2023\\\/08\\\/apartman-mountica-jasna-demanovska-dolina-zima-nikon-1900px-11-min.webp\\&quot; class=\\&quot;gallery-link\\&quot; rel=\\&quot;nofollow\\&quot; data-elementor-open-lightbox=\\&quot;yes\\&quot; data-elementor-lightbox-slideshow=\\&quot;jkit_gallery_lightbox_jeg_module__7_69f5adbecdc60\\&quot;&gt;&lt;div class=\\&quot;caption-wrap style-overlay overlay-none\\&quot;&gt; &lt;div class=\\&quot;item-hover-bg\\&quot;&gt;&lt;\\\/div&gt; &lt;div class=\\&quot;item-caption-over\\&quot;&gt; &lt;h5 class=\\&quot;item-title\\&quot;&gt;&lt;\\\/h5&gt; &lt;div class=\\&quot;item-content\\&quot;&gt;&lt;\\\/div&gt; &lt;\\\/div&gt; &lt;div class=\\&quot;caption-head\\&quot;&gt;&lt;\\\/div&gt; &lt;div class=\\&quot;caption-category\\&quot;&gt;&lt;\\\/div&gt; &lt;\\\/div&gt;&lt;\\\/a&gt;&lt;\\\/div&gt; &lt;\\\/div&gt;&quot;,&quot;&lt;div class=\\&quot;gallery-item-wrap \\&quot;&gt; &lt;div class=\\&quot;grid-item\\&quot;&gt;&lt;div class=\\&quot;thumbnail-wrap\\&quot;&gt;&lt;img width=\\&quot;800\\&quot; height=\\&quot;534\\&quot; src=\\&quot;https:\\\/\\\/www.mountica.sk\\\/wp-content\\\/uploads\\\/2023\\\/08\\\/apartman-mountica-jasna-demanovska-dolina-zima-nikon-1900px-9-min-1024x683.webp\\&quot; class=\\&quot;attachment-large size-large\\&quot; alt=\\&quot;\\&quot; url=\\&quot;https:\\\/\\\/www.mountica.sk\\\/wp-content\\\/uploads\\\/2023\\\/08\\\/apartman-mountica-jasna-demanovska-dolina-zima-nikon-1900px-9-min.webp\\&quot; source=\\&quot;library\\&quot; srcset=\\&quot;https:\\\/\\\/www.mountica.sk\\\/wp-content\\\/uploads\\\/2023\\\/08\\\/apartman-mountica-jasna-demanovska-dolina-zima-nikon-1900px-9-min-1024x683.webp 1024w, https:\\\/\\\/www.mountica.sk\\\/wp-content\\\/uploads\\\/2023\\\/08\\\/apartman-mountica-jasna-demanovska-dolina-zima-nikon-1900px-9-min-300x200.webp 300w, https:\\\/\\\/www.mountica.sk\\\/wp-content\\\/uploads\\\/2023\\\/08\\\/apartman-mountica-jasna-demanovska-dolina-zima-nikon-1900px-9-min-768x512.webp 768w, https:\\\/\\\/www.mountica.sk\\\/wp-content\\\/uploads\\\/2023\\\/08\\\/apartman-mountica-jasna-demanovska-dolina-zima-nikon-1900px-9-min-1536x1024.webp 1536w, https:\\\/\\\/www.mountica.sk\\\/wp-content\\\/uploads\\\/2023\\\/08\\\/apartman-mountica-jasna-demanovska-dolina-zima-nikon-1900px-9-min.webp 1900w\\&quot; sizes=\\&quot;(max-width: 800px) 100vw, 800px\\&quot; \\\/&gt;&lt;\\\/div&gt;&lt;a href=\\&quot;https:\\\/\\\/www.mountica.sk\\\/wp-content\\\/uploads\\\/2023\\\/08\\\/apartman-mountica-jasna-demanovska-dolina-zima-nikon-1900px-9-min.webp\\&quot; class=\\&quot;gallery-link\\&quot; rel=\\&quot;nofollow\\&quot; data-elementor-open-lightbox=\\&quot;yes\\&quot; data-elementor-lightbox-slideshow=\\&quot;jkit_gallery_lightbox_jeg_module__7_69f5adbecdc60\\&quot;&gt;&lt;div class=\\&quot;caption-wrap style-overlay overlay-none\\&quot;&gt; &lt;div class=\\&quot;item-hover-bg\\&quot;&gt;&lt;\\\/div&gt; &lt;div class=\\&quot;item-caption-over\\&quot;&gt; &lt;h5 class=\\&quot;item-title\\&quot;&gt;&lt;\\\/h5&gt; &lt;div class=\\&quot;item-content\\&quot;&gt;&lt;\\\/div&gt; &lt;\\\/div&gt; &lt;div class=\\&quot;caption-head\\&quot;&gt;&lt;\\\/div&gt; &lt;div class=\\&quot;caption-category\\&quot;&gt;&lt;\\\/div&gt; &lt;\\\/div&gt;&lt;\\\/a&gt;&lt;\\\/div&gt; &lt;\\\/div&gt;&quot;,&quot;&lt;div class=\\&quot;gallery-item-wrap \\&quot;&gt; &lt;div class=\\&quot;grid-item\\&quot;&gt;&lt;div class=\\&quot;thumbnail-wrap\\&quot;&gt;&lt;img width=\\&quot;800\\&quot; height=\\&quot;534\\&quot; src=\\&quot;https:\\\/\\\/www.mountica.sk\\\/wp-content\\\/uploads\\\/2023\\\/08\\\/apartman-mountica-jasna-demanovska-dolina-zima-nikon-1900px-27-min-1024x683.webp\\&quot; class=\\&quot;attachment-large size-large\\&quot; alt=\\&quot;\\&quot; url=\\&quot;https:\\\/\\\/www.mountica.sk\\\/wp-content\\\/uploads\\\/2023\\\/08\\\/apartman-mountica-jasna-demanovska-dolina-zima-nikon-1900px-27-min.webp\\&quot; source=\\&quot;library\\&quot; srcset=\\&quot;https:\\\/\\\/www.mountica.sk\\\/wp-content\\\/uploads\\\/2023\\\/08\\\/apartman-mountica-jasna-demanovska-dolina-zima-nikon-1900px-27-min-1024x683.webp 1024w, https:\\\/\\\/www.mountica.sk\\\/wp-content\\\/uploads\\\/2023\\\/08\\\/apartman-mountica-jasna-demanovska-dolina-zima-nikon-1900px-27-min-300x200.webp 300w, https:\\\/\\\/www.mountica.sk\\\/wp-content\\\/uploads\\\/2023\\\/08\\\/apartman-mountica-jasna-demanovska-dolina-zima-nikon-1900px-27-min-768x513.webp 768w, https:\\\/\\\/www.mountica.sk\\\/wp-content\\\/uploads\\\/2023\\\/08\\\/apartman-mountica-jasna-demanovska-dolina-zima-nikon-1900px-27-min-1536x1025.webp 1536w, https:\\\/\\\/www.mountica.sk\\\/wp-content\\\/uploads\\\/2023\\\/08\\\/apartman-mountica-jasna-demanovska-dolina-zima-nikon-1900px-27-min.webp 1900w\\&quot; sizes=\\&quot;(max-width: 800px) 100vw, 800px\\&quot; \\\/&gt;&lt;\\\/div&gt;&lt;a href=\\&quot;https:\\\/\\\/www.mountica.sk\\\/wp-content\\\/uploads\\\/2023\\\/08\\\/apartman-mountica-jasna-demanovska-dolina-zima-nikon-1900px-27-min.webp\\&quot; class=\\&quot;gallery-link\\&quot; rel=\\&quot;nofollow\\&quot; data-elementor-open-lightbox=\\&quot;yes\\&quot; data-elementor-lightbox-slideshow=\\&quot;jkit_gallery_lightbox_jeg_module__7_69f5adbecdc60\\&quot;&gt;&lt;div class=\\&quot;caption-wrap style-overlay overlay-none\\&quot;&gt; &lt;div class=\\&quot;item-hover-bg\\&quot;&gt;&lt;\\\/div&gt; &lt;div class=\\&quot;item-caption-over\\&quot;&gt; &lt;h5 class=\\&quot;item-title\\&quot;&gt;&lt;\\\/h5&gt; &lt;div class=\\&quot;item-content\\&quot;&gt;&lt;\\\/div&gt; &lt;\\\/div&gt; &lt;div class=\\&quot;caption-head\\&quot;&gt;&lt;\\\/div&gt; &lt;div class=\\&quot;caption-category\\&quot;&gt;&lt;\\\/div&gt; &lt;\\\/div&gt;&lt;\\\/a&gt;&lt;\\\/div&gt; &lt;\\\/div&gt;&quot;,&quot;&lt;div class=\\&quot;gallery-item-wrap \\&quot;&gt; &lt;div class=\\&quot;grid-item\\&quot;&gt;&lt;div class=\\&quot;thumbnail-wrap\\&quot;&gt;&lt;img width=\\&quot;800\\&quot; height=\\&quot;534\\&quot; src=\\&quot;https:\\\/\\\/www.mountica.sk\\\/wp-content\\\/uploads\\\/2023\\\/08\\\/apartman-mountica-jasna-demanovska-dolina-zima-nikon-1900px-33-min-1024x683.webp\\&quot; class=\\&quot;attachment-large size-large\\&quot; alt=\\&quot;\\&quot; url=\\&quot;https:\\\/\\\/www.mountica.sk\\\/wp-content\\\/uploads\\\/2023\\\/08\\\/apartman-mountica-jasna-demanovska-dolina-zima-nikon-1900px-33-min.webp\\&quot; source=\\&quot;library\\&quot; srcset=\\&quot;https:\\\/\\\/www.mountica.sk\\\/wp-content\\\/uploads\\\/2023\\\/08\\\/apartman-mountica-jasna-demanovska-dolina-zima-nikon-1900px-33-min-1024x683.webp 1024w, https:\\\/\\\/www.mountica.sk\\\/wp-content\\\/uploads\\\/2023\\\/08\\\/apartman-mountica-jasna-demanovska-dolina-zima-nikon-1900px-33-min-300x200.webp 300w, https:\\\/\\\/www.mountica.sk\\\/wp-content\\\/uploads\\\/2023\\\/08\\\/apartman-mountica-jasna-demanovska-dolina-zima-nikon-1900px-33-min-768x513.webp 768w, https:\\\/\\\/www.mountica.sk\\\/wp-content\\\/uploads\\\/2023\\\/08\\\/apartman-mountica-jasna-demanovska-dolina-zima-nikon-1900px-33-min-1536x1025.webp 1536w, https:\\\/\\\/www.mountica.sk\\\/wp-content\\\/uploads\\\/2023\\\/08\\\/apartman-mountica-jasna-demanovska-dolina-zima-nikon-1900px-33-min.webp 1900w\\&quot; sizes=\\&quot;(max-width: 800px) 100vw, 800px\\&quot; \\\/&gt;&lt;\\\/div&gt;&lt;a href=\\&quot;https:\\\/\\\/www.mountica.sk\\\/wp-content\\\/uploads\\\/2023\\\/08\\\/apartman-mountica-jasna-demanovska-dolina-zima-nikon-1900px-33-min.webp\\&quot; class=\\&quot;gallery-link\\&quot; rel=\\&quot;nofollow\\&quot; data-elementor-open-lightbox=\\&quot;yes\\&quot; data-elementor-lightbox-slideshow=\\&quot;jkit_gallery_lightbox_jeg_module__7_69f5adbecdc60\\&quot;&gt;&lt;div class=\\&quot;caption-wrap style-overlay overlay-none\\&quot;&gt; &lt;div class=\\&quot;item-hover-bg\\&quot;&gt;&lt;\\\/div&gt; &lt;div class=\\&quot;item-caption-over\\&quot;&gt; &lt;h5 class=\\&quot;item-title\\&quot;&gt;&lt;\\\/h5&gt; &lt;div class=\\&quot;item-content\\&quot;&gt;&lt;\\\/div&gt; &lt;\\\/div&gt; &lt;div class=\\&quot;caption-head\\&quot;&gt;&lt;\\\/div&gt; &lt;div class=\\&quot;caption-category\\&quot;&gt;&lt;\\\/div&gt; &lt;\\\/div&gt;&lt;\\\/a&gt;&lt;\\\/div&gt; &lt;\\\/div&gt;&quot;,&quot;&lt;div class=\\&quot;gallery-item-wrap \\&quot;&gt; &lt;div class=\\&quot;grid-item\\&quot;&gt;&lt;div class=\\&quot;thumbnail-wrap\\&quot;&gt;&lt;img width=\\&quot;800\\&quot; height=\\&quot;600\\&quot; src=\\&quot;https:\\\/\\\/www.mountica.sk\\\/wp-content\\\/uploads\\\/2023\\\/08\\\/apartman-mountica-jasna-demanovska-dolina-2560px-4-1024x768.webp\\&quot; class=\\&quot;attachment-large size-large\\&quot; alt=\\&quot;\\&quot; url=\\&quot;https:\\\/\\\/www.mountica.sk\\\/wp-content\\\/uploads\\\/2023\\\/08\\\/apartman-mountica-jasna-demanovska-dolina-2560px-4.webp\\&quot; source=\\&quot;library\\&quot; srcset=\\&quot;https:\\\/\\\/www.mountica.sk\\\/wp-content\\\/uploads\\\/2023\\\/08\\\/apartman-mountica-jasna-demanovska-dolina-2560px-4-1024x768.webp 1024w, https:\\\/\\\/www.mountica.sk\\\/wp-content\\\/uploads\\\/2023\\\/08\\\/apartman-mountica-jasna-demanovska-dolina-2560px-4-300x225.webp 300w, https:\\\/\\\/www.mountica.sk\\\/wp-content\\\/uploads\\\/2023\\\/08\\\/apartman-mountica-jasna-demanovska-dolina-2560px-4-768x576.webp 768w, https:\\\/\\\/www.mountica.sk\\\/wp-content\\\/uploads\\\/2023\\\/08\\\/apartman-mountica-jasna-demanovska-dolina-2560px-4-1536x1151.webp 1536w, https:\\\/\\\/www.mountica.sk\\\/wp-content\\\/uploads\\\/2023\\\/08\\\/apartman-mountica-jasna-demanovska-dolina-2560px-4-2048x1535.webp 2048w\\&quot; sizes=\\&quot;(max-width: 800px) 100vw, 800px\\&quot; \\\/&gt;&lt;\\\/div&gt;&lt;a href=\\&quot;https:\\\/\\\/www.mountica.sk\\\/wp-content\\\/uploads\\\/2023\\\/08\\\/apartman-mountica-jasna-demanovska-dolina-2560px-4.webp\\&quot; class=\\&quot;gallery-link\\&quot; rel=\\&quot;nofollow\\&quot; data-elementor-open-lightbox=\\&quot;yes\\&quot; data-elementor-lightbox-slideshow=\\&quot;jkit_gallery_lightbox_jeg_module__7_69f5adbecdc60\\&quot;&gt;&lt;div class=\\&quot;caption-wrap style-overlay overlay-none\\&quot;&gt; &lt;div class=\\&quot;item-hover-bg\\&quot;&gt;&lt;\\\/div&gt; &lt;div class=\\&quot;item-caption-over\\&quot;&gt; &lt;h5 class=\\&quot;item-title\\&quot;&gt;&lt;\\\/h5&gt; &lt;div class=\\&quot;item-content\\&quot;&gt;&lt;\\\/div&gt; &lt;\\\/div&gt; &lt;div class=\\&quot;caption-head\\&quot;&gt;&lt;\\\/div&gt; &lt;div class=\\&quot;caption-category\\&quot;&gt;&lt;\\\/div&gt; &lt;\\\/div&gt;&lt;\\\/a&gt;&lt;\\\/div&gt; &lt;\\\/div&gt;&quot;,&quot;&lt;div class=\\&quot;gallery-item-wrap \\&quot;&gt; &lt;div class=\\&quot;grid-item\\&quot;&gt;&lt;div class=\\&quot;thumbnail-wrap\\&quot;&gt;&lt;img width=\\&quot;800\\&quot; height=\\&quot;600\\&quot; src=\\&quot;https:\\\/\\\/www.mountica.sk\\\/wp-content\\\/uploads\\\/2023\\\/08\\\/apartman-mountica-jasna-demanovska-dolina-2560px-6-1024x768.webp\\&quot; class=\\&quot;attachment-large size-large\\&quot; alt=\\&quot;\\&quot; url=\\&quot;https:\\\/\\\/www.mountica.sk\\\/wp-content\\\/uploads\\\/2023\\\/08\\\/apartman-mountica-jasna-demanovska-dolina-2560px-6.webp\\&quot; source=\\&quot;library\\&quot; srcset=\\&quot;https:\\\/\\\/www.mountica.sk\\\/wp-content\\\/uploads\\\/2023\\\/08\\\/apartman-mountica-jasna-demanovska-dolina-2560px-6-1024x768.webp 1024w, https:\\\/\\\/www.mountica.sk\\\/wp-content\\\/uploads\\\/2023\\\/08\\\/apartman-mountica-jasna-demanovska-dolina-2560px-6-300x225.webp 300w, https:\\\/\\\/www.mountica.sk\\\/wp-content\\\/uploads\\\/2023\\\/08\\\/apartman-mountica-jasna-demanovska-dolina-2560px-6-768x576.webp 768w, https:\\\/\\\/www.mountica.sk\\\/wp-content\\\/uploads\\\/2023\\\/08\\\/apartman-mountica-jasna-demanovska-dolina-2560px-6-1536x1151.webp 1536w, https:\\\/\\\/www.mountica.sk\\\/wp-content\\\/uploads\\\/2023\\\/08\\\/apartman-mountica-jasna-demanovska-dolina-2560px-6-2048x1535.webp 2048w\\&quot; sizes=\\&quot;(max-width: 800px) 100vw, 800px\\&quot; \\\/&gt;&lt;\\\/div&gt;&lt;a href=\\&quot;https:\\\/\\\/www.mountica.sk\\\/wp-content\\\/uploads\\\/2023\\\/08\\\/apartman-mountica-jasna-demanovska-dolina-2560px-6.webp\\&quot; class=\\&quot;gallery-link\\&quot; rel=\\&quot;nofollow\\&quot; data-elementor-open-lightbox=\\&quot;yes\\&quot; data-elementor-lightbox-slideshow=\\&quot;jkit_gallery_lightbox_jeg_module__7_69f5adbecdc60\\&quot;&gt;&lt;div class=\\&quot;caption-wrap style-overlay overlay-none\\&quot;&gt; &lt;div class=\\&quot;item-hover-bg\\&quot;&gt;&lt;\\\/div&gt; &lt;div class=\\&quot;item-caption-over\\&quot;&gt; &lt;h5 class=\\&quot;item-title\\&quot;&gt;&lt;\\\/h5&gt; &lt;div class=\\&quot;item-content\\&quot;&gt;&lt;\\\/div&gt; &lt;\\\/div&gt; &lt;div class=\\&quot;caption-head\\&quot;&gt;&lt;\\\/div&gt; &lt;div class=\\&quot;caption-category\\&quot;&gt;&lt;\\\/div&gt; &lt;\\\/div&gt;&lt;\\\/a&gt;&lt;\\\/div&gt; &lt;\\\/div&gt;&quot;,&quot;&lt;div class=\\&quot;gallery-item-wrap \\&quot;&gt; &lt;div class=\\&quot;grid-item\\&quot;&gt;&lt;div class=\\&quot;thumbnail-wrap\\&quot;&gt;&lt;img width=\\&quot;800\\&quot; height=\\&quot;600\\&quot; src=\\&quot;https:\\\/\\\/www.mountica.sk\\\/wp-content\\\/uploads\\\/2023\\\/08\\\/apartman-mountica-jasna-demanovska-dolina-2560px-5-1024x768.webp\\&quot; class=\\&quot;attachment-large size-large\\&quot; alt=\\&quot;\\&quot; url=\\&quot;https:\\\/\\\/www.mountica.sk\\\/wp-content\\\/uploads\\\/2023\\\/08\\\/apartman-mountica-jasna-demanovska-dolina-2560px-5.webp\\&quot; source=\\&quot;library\\&quot; srcset=\\&quot;https:\\\/\\\/www.mountica.sk\\\/wp-content\\\/uploads\\\/2023\\\/08\\\/apartman-mountica-jasna-demanovska-dolina-2560px-5-1024x768.webp 1024w, https:\\\/\\\/www.mountica.sk\\\/wp-content\\\/uploads\\\/2023\\\/08\\\/apartman-mountica-jasna-demanovska-dolina-2560px-5-300x225.webp 300w, https:\\\/\\\/www.mountica.sk\\\/wp-content\\\/uploads\\\/2023\\\/08\\\/apartman-mountica-jasna-demanovska-dolina-2560px-5-768x576.webp 768w, https:\\\/\\\/www.mountica.sk\\\/wp-content\\\/uploads\\\/2023\\\/08\\\/apartman-mountica-jasna-demanovska-dolina-2560px-5-1536x1151.webp 1536w, https:\\\/\\\/www.mountica.sk\\\/wp-content\\\/uploads\\\/2023\\\/08\\\/apartman-mountica-jasna-demanovska-dolina-2560px-5-2048x1535.webp 2048w\\&quot; sizes=\\&quot;(max-width: 800px) 100vw, 800px\\&quot; \\\/&gt;&lt;\\\/div&gt;&lt;a href=\\&quot;https:\\\/\\\/www.mountica.sk\\\/wp-content\\\/uploads\\\/2023\\\/08\\\/apartman-mountica-jasna-demanovska-dolina-2560px-5.webp\\&quot; class=\\&quot;gallery-link\\&quot; rel=\\&quot;nofollow\\&quot; data-elementor-open-lightbox=\\&quot;yes\\&quot; data-elementor-lightbox-slideshow=\\&quot;jkit_gallery_lightbox_jeg_module__7_69f5adbecdc60\\&quot;&gt;&lt;div class=\\&quot;caption-wrap style-overlay overlay-none\\&quot;&gt; &lt;div class=\\&quot;item-hover-bg\\&quot;&gt;&lt;\\\/div&gt; &lt;div class=\\&quot;item-caption-over\\&quot;&gt; &lt;h5 class=\\&quot;item-title\\&quot;&gt;&lt;\\\/h5&gt; &lt;div class=\\&quot;item-content\\&quot;&gt;&lt;\\\/div&gt; &lt;\\\/div&gt; &lt;div class=\\&quot;caption-head\\&quot;&gt;&lt;\\\/div&gt; &lt;div class=\\&quot;caption-category\\&quot;&gt;&lt;\\\/div&gt; &lt;\\\/div&gt;&lt;\\\/a&gt;&lt;\\\/div&gt; &lt;\\\/div&gt;&quot;,&quot;&lt;div class=\\&quot;gallery-item-wrap \\&quot;&gt; &lt;div class=\\&quot;grid-item\\&quot;&gt;&lt;div class=\\&quot;thumbnail-wrap\\&quot;&gt;&lt;img width=\\&quot;800\\&quot; height=\\&quot;534\\&quot; src=\\&quot;https:\\\/\\\/www.mountica.sk\\\/wp-content\\\/uploads\\\/2023\\\/09\\\/apartman-mountica-velka-lomnica-golf-chalety-vysoke-tatry10-min-1024x684.webp\\&quot; class=\\&quot;attachment-large size-large\\&quot; alt=\\&quot;\\&quot; url=\\&quot;https:\\\/\\\/www.mountica.sk\\\/wp-content\\\/uploads\\\/2023\\\/09\\\/apartman-mountica-velka-lomnica-golf-chalety-vysoke-tatry10-min.webp\\&quot; source=\\&quot;library\\&quot; srcset=\\&quot;https:\\\/\\\/www.mountica.sk\\\/wp-content\\\/uploads\\\/2023\\\/09\\\/apartman-mountica-velka-lomnica-golf-chalety-vysoke-tatry10-min-1024x684.webp 1024w, https:\\\/\\\/www.mountica.sk\\\/wp-content\\\/uploads\\\/2023\\\/09\\\/apartman-mountica-velka-lomnica-golf-chalety-vysoke-tatry10-min-300x200.webp 300w, https:\\\/\\\/www.mountica.sk\\\/wp-content\\\/uploads\\\/2023\\\/09\\\/apartman-mountica-velka-lomnica-golf-chalety-vysoke-tatry10-min-768x513.webp 768w, https:\\\/\\\/www.mountica.sk\\\/wp-content\\\/uploads\\\/2023\\\/09\\\/apartman-mountica-velka-lomnica-golf-chalety-vysoke-tatry10-min-1536x1025.webp 1536w, https:\\\/\\\/www.mountica.sk\\\/wp-content\\\/uploads\\\/2023\\\/09\\\/apartman-mountica-velka-lomnica-golf-chalety-vysoke-tatry10-min-2048x1367.webp 2048w\\&quot; sizes=\\&quot;(max-width: 800px) 100vw, 800px\\&quot; \\\/&gt;&lt;\\\/div&gt;&lt;a href=\\&quot;https:\\\/\\\/www.mountica.sk\\\/wp-content\\\/uploads\\\/2023\\\/09\\\/apartman-mountica-velka-lomnica-golf-chalety-vysoke-tatry10-min.webp\\&quot; class=\\&quot;gallery-link\\&quot; rel=\\&quot;nofollow\\&quot; data-elementor-open-lightbox=\\&quot;yes\\&quot; data-elementor-lightbox-slideshow=\\&quot;jkit_gallery_lightbox_jeg_module__7_69f5adbecdc60\\&quot;&gt;&lt;div class=\\&quot;caption-wrap style-overlay overlay-none\\&quot;&gt; &lt;div class=\\&quot;item-hover-bg\\&quot;&gt;&lt;\\\/div&gt; &lt;div class=\\&quot;item-caption-over\\&quot;&gt; &lt;h5 class=\\&quot;item-title\\&quot;&gt;&lt;\\\/h5&gt; &lt;div class=\\&quot;item-content\\&quot;&gt;&lt;\\\/div&gt; &lt;\\\/div&gt; &lt;div class=\\&quot;caption-head\\&quot;&gt;&lt;\\\/div&gt; &lt;div class=\\&quot;caption-category\\&quot;&gt;&lt;span&gt;Jasn\\u00e1&lt;\\\/span&gt;&lt;\\\/div&gt; &lt;\\\/div&gt;&lt;\\\/a&gt;&lt;\\\/div&gt; &lt;\\\/div&gt;&quot;]\"><div class=\"filter-controls\"><ul><li class=\"jkit-gallery-control active\" data-filter=\"*\">All<\/li><li class=\"jkit-gallery-control\" data-filter=\".jkit-gcf-Jasn\">Jasn\u00e1<\/li><li class=\"jkit-gallery-control\" data-filter=\".jkit-gcf-Velk-Lomnica\">Vel&#039;k\u00e1 Lomnica<\/li><\/ul><\/div>\n            <div class=\"gallery-items\"><div class=\"gallery-item-wrap \"> <div class=\"grid-item\"><div class=\"thumbnail-wrap\"><img fetchpriority=\"high\" decoding=\"async\" width=\"800\" height=\"534\" src=\"https:\/\/www.mountica.sk\/wp-content\/uploads\/2023\/08\/apartman-mountica-jasna-demanovska-dolina-zima-nikon-1900px-5-min-1024x683.webp\" class=\"attachment-large size-large\" alt=\"\" url=\"https:\/\/www.mountica.sk\/wp-content\/uploads\/2023\/08\/apartman-mountica-jasna-demanovska-dolina-zima-nikon-1900px-5-min.webp\" source=\"library\" srcset=\"https:\/\/www.mountica.sk\/wp-content\/uploads\/2023\/08\/apartman-mountica-jasna-demanovska-dolina-zima-nikon-1900px-5-min-1024x683.webp 1024w, https:\/\/www.mountica.sk\/wp-content\/uploads\/2023\/08\/apartman-mountica-jasna-demanovska-dolina-zima-nikon-1900px-5-min-300x200.webp 300w, https:\/\/www.mountica.sk\/wp-content\/uploads\/2023\/08\/apartman-mountica-jasna-demanovska-dolina-zima-nikon-1900px-5-min-768x513.webp 768w, https:\/\/www.mountica.sk\/wp-content\/uploads\/2023\/08\/apartman-mountica-jasna-demanovska-dolina-zima-nikon-1900px-5-min-1536x1025.webp 1536w, https:\/\/www.mountica.sk\/wp-content\/uploads\/2023\/08\/apartman-mountica-jasna-demanovska-dolina-zima-nikon-1900px-5-min.webp 1900w\" sizes=\"(max-width: 800px) 100vw, 800px\" \/><\/div><a href=\"https:\/\/www.mountica.sk\/wp-content\/uploads\/2023\/08\/apartman-mountica-jasna-demanovska-dolina-zima-nikon-1900px-5-min.webp\" class=\"gallery-link\" rel=\"nofollow\" data-elementor-open-lightbox=\"yes\" data-elementor-lightbox-slideshow=\"jkit_gallery_lightbox_jeg_module__7_69f5adbecdc60\"><div class=\"caption-wrap style-overlay overlay-none\"> <div class=\"item-hover-bg\"><\/div> <div class=\"item-caption-over\"> <h5 class=\"item-title\"><\/h5> <div class=\"item-content\"><\/div> <\/div> <div class=\"caption-head\"><\/div> <div class=\"caption-category\"><\/div> <\/div><\/a><\/div> <\/div><div class=\"gallery-item-wrap \"> <div class=\"grid-item\"><div class=\"thumbnail-wrap\"><img decoding=\"async\" width=\"800\" height=\"534\" src=\"https:\/\/www.mountica.sk\/wp-content\/uploads\/2023\/08\/apartman-mountica-jasna-demanovska-dolina-zima-nikon-1900px-6-min-1024x683.webp\" class=\"attachment-large size-large\" alt=\"\" url=\"https:\/\/www.mountica.sk\/wp-content\/uploads\/2023\/08\/apartman-mountica-jasna-demanovska-dolina-zima-nikon-1900px-6-min.webp\" source=\"library\" srcset=\"https:\/\/www.mountica.sk\/wp-content\/uploads\/2023\/08\/apartman-mountica-jasna-demanovska-dolina-zima-nikon-1900px-6-min-1024x683.webp 1024w, https:\/\/www.mountica.sk\/wp-content\/uploads\/2023\/08\/apartman-mountica-jasna-demanovska-dolina-zima-nikon-1900px-6-min-300x200.webp 300w, https:\/\/www.mountica.sk\/wp-content\/uploads\/2023\/08\/apartman-mountica-jasna-demanovska-dolina-zima-nikon-1900px-6-min-768x512.webp 768w, https:\/\/www.mountica.sk\/wp-content\/uploads\/2023\/08\/apartman-mountica-jasna-demanovska-dolina-zima-nikon-1900px-6-min-1536x1024.webp 1536w, https:\/\/www.mountica.sk\/wp-content\/uploads\/2023\/08\/apartman-mountica-jasna-demanovska-dolina-zima-nikon-1900px-6-min.webp 1900w\" sizes=\"(max-width: 800px) 100vw, 800px\" \/><\/div><a href=\"https:\/\/www.mountica.sk\/wp-content\/uploads\/2023\/08\/apartman-mountica-jasna-demanovska-dolina-zima-nikon-1900px-6-min.webp\" class=\"gallery-link\" rel=\"nofollow\" data-elementor-open-lightbox=\"yes\" data-elementor-lightbox-slideshow=\"jkit_gallery_lightbox_jeg_module__7_69f5adbecdc60\"><div class=\"caption-wrap style-overlay overlay-none\"> <div class=\"item-hover-bg\"><\/div> <div class=\"item-caption-over\"> <h5 class=\"item-title\"><\/h5> <div class=\"item-content\"><\/div> <\/div> <div class=\"caption-head\"><\/div> <div class=\"caption-category\"><\/div> <\/div><\/a><\/div> <\/div><div class=\"gallery-item-wrap \"> <div class=\"grid-item\"><div class=\"thumbnail-wrap\"><img decoding=\"async\" width=\"800\" height=\"534\" src=\"https:\/\/www.mountica.sk\/wp-content\/uploads\/2023\/08\/apartman-mountica-jasna-demanovska-dolina-zima-nikon-1900px-11-min-1024x683.webp\" class=\"attachment-large size-large\" alt=\"\" url=\"https:\/\/www.mountica.sk\/wp-content\/uploads\/2023\/08\/apartman-mountica-jasna-demanovska-dolina-zima-nikon-1900px-11-min.webp\" source=\"library\" srcset=\"https:\/\/www.mountica.sk\/wp-content\/uploads\/2023\/08\/apartman-mountica-jasna-demanovska-dolina-zima-nikon-1900px-11-min-1024x683.webp 1024w, https:\/\/www.mountica.sk\/wp-content\/uploads\/2023\/08\/apartman-mountica-jasna-demanovska-dolina-zima-nikon-1900px-11-min-300x200.webp 300w, https:\/\/www.mountica.sk\/wp-content\/uploads\/2023\/08\/apartman-mountica-jasna-demanovska-dolina-zima-nikon-1900px-11-min-768x513.webp 768w, https:\/\/www.mountica.sk\/wp-content\/uploads\/2023\/08\/apartman-mountica-jasna-demanovska-dolina-zima-nikon-1900px-11-min-1536x1025.webp 1536w, https:\/\/www.mountica.sk\/wp-content\/uploads\/2023\/08\/apartman-mountica-jasna-demanovska-dolina-zima-nikon-1900px-11-min.webp 1900w\" sizes=\"(max-width: 800px) 100vw, 800px\" \/><\/div><a href=\"https:\/\/www.mountica.sk\/wp-content\/uploads\/2023\/08\/apartman-mountica-jasna-demanovska-dolina-zima-nikon-1900px-11-min.webp\" class=\"gallery-link\" rel=\"nofollow\" data-elementor-open-lightbox=\"yes\" data-elementor-lightbox-slideshow=\"jkit_gallery_lightbox_jeg_module__7_69f5adbecdc60\"><div class=\"caption-wrap style-overlay overlay-none\"> <div class=\"item-hover-bg\"><\/div> <div class=\"item-caption-over\"> <h5 class=\"item-title\"><\/h5> <div class=\"item-content\"><\/div> <\/div> <div class=\"caption-head\"><\/div> <div class=\"caption-category\"><\/div> <\/div><\/a><\/div> <\/div><div class=\"gallery-item-wrap \"> <div class=\"grid-item\"><div class=\"thumbnail-wrap\"><img loading=\"lazy\" decoding=\"async\" width=\"800\" height=\"534\" src=\"https:\/\/www.mountica.sk\/wp-content\/uploads\/2023\/08\/apartman-mountica-jasna-demanovska-dolina-zima-nikon-1900px-9-min-1024x683.webp\" class=\"attachment-large size-large\" alt=\"\" url=\"https:\/\/www.mountica.sk\/wp-content\/uploads\/2023\/08\/apartman-mountica-jasna-demanovska-dolina-zima-nikon-1900px-9-min.webp\" source=\"library\" srcset=\"https:\/\/www.mountica.sk\/wp-content\/uploads\/2023\/08\/apartman-mountica-jasna-demanovska-dolina-zima-nikon-1900px-9-min-1024x683.webp 1024w, https:\/\/www.mountica.sk\/wp-content\/uploads\/2023\/08\/apartman-mountica-jasna-demanovska-dolina-zima-nikon-1900px-9-min-300x200.webp 300w, https:\/\/www.mountica.sk\/wp-content\/uploads\/2023\/08\/apartman-mountica-jasna-demanovska-dolina-zima-nikon-1900px-9-min-768x512.webp 768w, https:\/\/www.mountica.sk\/wp-content\/uploads\/2023\/08\/apartman-mountica-jasna-demanovska-dolina-zima-nikon-1900px-9-min-1536x1024.webp 1536w, https:\/\/www.mountica.sk\/wp-content\/uploads\/2023\/08\/apartman-mountica-jasna-demanovska-dolina-zima-nikon-1900px-9-min.webp 1900w\" sizes=\"(max-width: 800px) 100vw, 800px\" \/><\/div><a href=\"https:\/\/www.mountica.sk\/wp-content\/uploads\/2023\/08\/apartman-mountica-jasna-demanovska-dolina-zima-nikon-1900px-9-min.webp\" class=\"gallery-link\" rel=\"nofollow\" data-elementor-open-lightbox=\"yes\" data-elementor-lightbox-slideshow=\"jkit_gallery_lightbox_jeg_module__7_69f5adbecdc60\"><div class=\"caption-wrap style-overlay overlay-none\"> <div class=\"item-hover-bg\"><\/div> <div class=\"item-caption-over\"> <h5 class=\"item-title\"><\/h5> <div class=\"item-content\"><\/div> <\/div> <div class=\"caption-head\"><\/div> <div class=\"caption-category\"><\/div> <\/div><\/a><\/div> <\/div><div class=\"gallery-item-wrap \"> <div class=\"grid-item\"><div class=\"thumbnail-wrap\"><img loading=\"lazy\" decoding=\"async\" width=\"800\" height=\"534\" src=\"https:\/\/www.mountica.sk\/wp-content\/uploads\/2023\/08\/apartman-mountica-jasna-demanovska-dolina-zima-nikon-1900px-27-min-1024x683.webp\" class=\"attachment-large size-large\" alt=\"\" url=\"https:\/\/www.mountica.sk\/wp-content\/uploads\/2023\/08\/apartman-mountica-jasna-demanovska-dolina-zima-nikon-1900px-27-min.webp\" source=\"library\" srcset=\"https:\/\/www.mountica.sk\/wp-content\/uploads\/2023\/08\/apartman-mountica-jasna-demanovska-dolina-zima-nikon-1900px-27-min-1024x683.webp 1024w, https:\/\/www.mountica.sk\/wp-content\/uploads\/2023\/08\/apartman-mountica-jasna-demanovska-dolina-zima-nikon-1900px-27-min-300x200.webp 300w, https:\/\/www.mountica.sk\/wp-content\/uploads\/2023\/08\/apartman-mountica-jasna-demanovska-dolina-zima-nikon-1900px-27-min-768x513.webp 768w, https:\/\/www.mountica.sk\/wp-content\/uploads\/2023\/08\/apartman-mountica-jasna-demanovska-dolina-zima-nikon-1900px-27-min-1536x1025.webp 1536w, https:\/\/www.mountica.sk\/wp-content\/uploads\/2023\/08\/apartman-mountica-jasna-demanovska-dolina-zima-nikon-1900px-27-min.webp 1900w\" sizes=\"(max-width: 800px) 100vw, 800px\" \/><\/div><a href=\"https:\/\/www.mountica.sk\/wp-content\/uploads\/2023\/08\/apartman-mountica-jasna-demanovska-dolina-zima-nikon-1900px-27-min.webp\" class=\"gallery-link\" rel=\"nofollow\" data-elementor-open-lightbox=\"yes\" data-elementor-lightbox-slideshow=\"jkit_gallery_lightbox_jeg_module__7_69f5adbecdc60\"><div class=\"caption-wrap style-overlay overlay-none\"> <div class=\"item-hover-bg\"><\/div> <div class=\"item-caption-over\"> <h5 class=\"item-title\"><\/h5> <div class=\"item-content\"><\/div> <\/div> <div class=\"caption-head\"><\/div> <div class=\"caption-category\"><\/div> <\/div><\/a><\/div> <\/div><div class=\"gallery-item-wrap \"> <div class=\"grid-item\"><div class=\"thumbnail-wrap\"><img loading=\"lazy\" decoding=\"async\" width=\"800\" height=\"534\" src=\"https:\/\/www.mountica.sk\/wp-content\/uploads\/2023\/08\/apartman-mountica-jasna-demanovska-dolina-zima-nikon-1900px-33-min-1024x683.webp\" class=\"attachment-large size-large\" alt=\"\" url=\"https:\/\/www.mountica.sk\/wp-content\/uploads\/2023\/08\/apartman-mountica-jasna-demanovska-dolina-zima-nikon-1900px-33-min.webp\" source=\"library\" srcset=\"https:\/\/www.mountica.sk\/wp-content\/uploads\/2023\/08\/apartman-mountica-jasna-demanovska-dolina-zima-nikon-1900px-33-min-1024x683.webp 1024w, https:\/\/www.mountica.sk\/wp-content\/uploads\/2023\/08\/apartman-mountica-jasna-demanovska-dolina-zima-nikon-1900px-33-min-300x200.webp 300w, https:\/\/www.mountica.sk\/wp-content\/uploads\/2023\/08\/apartman-mountica-jasna-demanovska-dolina-zima-nikon-1900px-33-min-768x513.webp 768w, https:\/\/www.mountica.sk\/wp-content\/uploads\/2023\/08\/apartman-mountica-jasna-demanovska-dolina-zima-nikon-1900px-33-min-1536x1025.webp 1536w, https:\/\/www.mountica.sk\/wp-content\/uploads\/2023\/08\/apartman-mountica-jasna-demanovska-dolina-zima-nikon-1900px-33-min.webp 1900w\" sizes=\"(max-width: 800px) 100vw, 800px\" \/><\/div><a href=\"https:\/\/www.mountica.sk\/wp-content\/uploads\/2023\/08\/apartman-mountica-jasna-demanovska-dolina-zima-nikon-1900px-33-min.webp\" class=\"gallery-link\" rel=\"nofollow\" data-elementor-open-lightbox=\"yes\" data-elementor-lightbox-slideshow=\"jkit_gallery_lightbox_jeg_module__7_69f5adbecdc60\"><div class=\"caption-wrap style-overlay overlay-none\"> <div class=\"item-hover-bg\"><\/div> <div class=\"item-caption-over\"> <h5 class=\"item-title\"><\/h5> <div class=\"item-content\"><\/div> <\/div> <div class=\"caption-head\"><\/div> <div class=\"caption-category\"><\/div> <\/div><\/a><\/div> <\/div><\/div>\n            <div class=\"load-more-items\"><div class=\"jkit-gallery-loadmore\"><a href=\"#\" class=\"jkit-gallery-load-more\" aria-label=\"Load More Button\"><span class=\"btn-loader\"><\/span><span class=\"load-more-icon icon-position-before\" aria-hidden=\"true\"><\/span>\n                <span class=\"load-more-text\">Show more...<\/span><\/a><\/div><\/div><\/div>\t\t\t\t<\/div>\n\t\t\t\t<\/div>\n\t\t\t\t\t<\/div>\n\t\t<\/div>\n\t\t\t\t\t<\/div>\n\t\t<\/section>\n\t\t<div class=\"elementor-element elementor-element-2686dc5 e-flex e-con-boxed e-con e-parent\" data-id=\"2686dc5\" data-element_type=\"container\">\n\t\t\t\t\t<div class=\"e-con-inner\">\n\t\t\t\t<div class=\"elementor-element elementor-element-93e6bb1 elementor-widget elementor-widget-eg_image_gallery\" data-id=\"93e6bb1\" data-element_type=\"widget\" data-widget_type=\"eg_image_gallery.default\">\n\t\t\t\t<div class=\"elementor-widget-container\">\n\t\t\t\t\t<div class=\"jeg_preview_slider  jeg_module__8_69f5adbed3bfc\" data-selector='jeg_module__8_69f5adbed3bfc'>\n                    <div class=\"jeg_preview_holder\">\n                        <div class=\"jeg_preview_media\">\n                    <div class=\"jeg_preview_media_holder\">\n                        <h3><\/h3>\n                        <div class=\"fullscreen-switch\">\n                            <i class=\"fa\"><\/i>\n                        <\/div>\n                        <div class=\"jeg_preview_media_content\">\n                            <div class=\"jeg_preview_media_content_holder_padding\">\n                                <div class=\"jeg_preview_media_content_holder\"><\/div>\n                            <\/div>\n                            <div class=\"jeg_preview_media_content_navigation\">\n                                <div class=\"prev\"><\/div>\n                                <div class=\"next\"><\/div>\n                            <\/div>\n                            <div class='preview-slider-overlay'>\n                                <div class='preloader_type preloader_square'>\n                                    <div class=\"module-preloader jeg_preloader dot\">\n                                        <span><\/span><span><\/span><span><\/span>\n                                    <\/div>\n                                    <div class=\"module-preloader jeg_preloader circle\">\n                                        <div class=\"jeg_preloader_circle_outer\">\n                                            <div class=\"jeg_preloader_circle_inner\"><\/div>\n                                        <\/div>\n                                    <\/div>\n                                    <div class=\"module-preloader jeg_preloader square\">\n                                        <div class=\"jeg-cube-grid\">\n                                            <div class=\"jeg-cube jeg-cube1\"><\/div>\n                                            <div class=\"jeg-cube jeg-cube2\"><\/div>\n                                            <div class=\"jeg-cube jeg-cube3\"><\/div>\n                                            <div class=\"jeg-cube jeg-cube4\"><\/div>\n                                          <\/div>\n                                    <\/div>\n                                <\/div>\n                            <\/div>\n                        <\/div>\n                        <div class=\"jeg_preview_control\">\n                            <div class=\"left_control\">\n                                <div class=\"counter\"><span class=\"current\">1<\/span> of  22<\/div>\n                                <div class=\"subtitle\"><\/div>\n                            <\/div>\n                            <div class=\"zoom\">\n                                <span class=\"reduce\">-<\/span>\n                                <span class=\"increase\">+<\/span>\n                            <\/div>\n                        <\/div>\n                    <\/div>\n                <\/div>\n\n                <div class=\"jeg_preview_bottom_slider owl-carousel\">\n                    <a data-id=\"0\" data-title=\"created by dji camera\" data-image=\"https:\/\/www.mountica.sk\/wp-content\/uploads\/2023\/09\/org_HDR-149-scaled.jpg\" href=\"https:\/\/www.mountica.sk\/wp-content\/uploads\/2023\/09\/org_HDR-149-scaled.jpg\" class=\"jeg_preview_item active\">\n                        <div class=\"jeg_preview_item_thumbnail\">\n                            <img loading=\"lazy\" decoding=\"async\" width=\"115\" height=\"86\" src=\"https:\/\/www.mountica.sk\/wp-content\/uploads\/2023\/09\/org_HDR-149-scaled.jpg\" class=\"attachment-jeg-120x86 size-jeg-120x86\" alt=\"\" srcset=\"https:\/\/www.mountica.sk\/wp-content\/uploads\/2023\/09\/org_HDR-149-scaled.jpg 2560w, https:\/\/www.mountica.sk\/wp-content\/uploads\/2023\/09\/org_HDR-149-300x225.jpg 300w, https:\/\/www.mountica.sk\/wp-content\/uploads\/2023\/09\/org_HDR-149-1024x767.jpg 1024w, https:\/\/www.mountica.sk\/wp-content\/uploads\/2023\/09\/org_HDR-149-768x576.jpg 768w, https:\/\/www.mountica.sk\/wp-content\/uploads\/2023\/09\/org_HDR-149-1536x1151.jpg 1536w, https:\/\/www.mountica.sk\/wp-content\/uploads\/2023\/09\/org_HDR-149-2048x1535.jpg 2048w\" sizes=\"(max-width: 115px) 100vw, 115px\" \/>\n                        <\/div>\n                    <\/a><a data-id=\"1\" data-title=\"adad\" data-image=\"https:\/\/www.mountica.sk\/wp-content\/uploads\/2023\/09\/apartman-mountica-velka-lomnica-golf-chalety-vysoke-tatry-heli-1200-18-min.jpg\" href=\"https:\/\/www.mountica.sk\/wp-content\/uploads\/2023\/09\/apartman-mountica-velka-lomnica-golf-chalety-vysoke-tatry-heli-1200-18-min.jpg\" class=\"jeg_preview_item \">\n                        <div class=\"jeg_preview_item_thumbnail\">\n                            <img loading=\"lazy\" decoding=\"async\" width=\"115\" height=\"86\" src=\"https:\/\/www.mountica.sk\/wp-content\/uploads\/2023\/09\/apartman-mountica-velka-lomnica-golf-chalety-vysoke-tatry-heli-1200-18-min.jpg\" class=\"attachment-jeg-120x86 size-jeg-120x86\" alt=\"\" srcset=\"https:\/\/www.mountica.sk\/wp-content\/uploads\/2023\/09\/apartman-mountica-velka-lomnica-golf-chalety-vysoke-tatry-heli-1200-18-min.jpg 1200w, https:\/\/www.mountica.sk\/wp-content\/uploads\/2023\/09\/apartman-mountica-velka-lomnica-golf-chalety-vysoke-tatry-heli-1200-18-min-300x225.jpg 300w, https:\/\/www.mountica.sk\/wp-content\/uploads\/2023\/09\/apartman-mountica-velka-lomnica-golf-chalety-vysoke-tatry-heli-1200-18-min-1024x767.jpg 1024w, https:\/\/www.mountica.sk\/wp-content\/uploads\/2023\/09\/apartman-mountica-velka-lomnica-golf-chalety-vysoke-tatry-heli-1200-18-min-768x575.jpg 768w\" sizes=\"(max-width: 115px) 100vw, 115px\" \/>\n                        <\/div>\n                    <\/a><a data-id=\"2\" data-title=\"aaa\" data-image=\"https:\/\/www.mountica.sk\/wp-content\/uploads\/2023\/09\/apartman-mountica-velka-lomnica-golf-chalety-vysoke-tatry8-min.webp\" href=\"https:\/\/www.mountica.sk\/wp-content\/uploads\/2023\/09\/apartman-mountica-velka-lomnica-golf-chalety-vysoke-tatry8-min.webp\" class=\"jeg_preview_item \">\n                        <div class=\"jeg_preview_item_thumbnail\">\n                            <img loading=\"lazy\" decoding=\"async\" width=\"120\" height=\"80\" src=\"https:\/\/www.mountica.sk\/wp-content\/uploads\/2023\/09\/apartman-mountica-velka-lomnica-golf-chalety-vysoke-tatry8-min.webp\" class=\"attachment-jeg-120x86 size-jeg-120x86\" alt=\"\" srcset=\"https:\/\/www.mountica.sk\/wp-content\/uploads\/2023\/09\/apartman-mountica-velka-lomnica-golf-chalety-vysoke-tatry8-min.webp 2560w, https:\/\/www.mountica.sk\/wp-content\/uploads\/2023\/09\/apartman-mountica-velka-lomnica-golf-chalety-vysoke-tatry8-min-300x200.webp 300w, https:\/\/www.mountica.sk\/wp-content\/uploads\/2023\/09\/apartman-mountica-velka-lomnica-golf-chalety-vysoke-tatry8-min-1024x682.webp 1024w, https:\/\/www.mountica.sk\/wp-content\/uploads\/2023\/09\/apartman-mountica-velka-lomnica-golf-chalety-vysoke-tatry8-min-768x512.webp 768w, https:\/\/www.mountica.sk\/wp-content\/uploads\/2023\/09\/apartman-mountica-velka-lomnica-golf-chalety-vysoke-tatry8-min-1536x1024.webp 1536w, https:\/\/www.mountica.sk\/wp-content\/uploads\/2023\/09\/apartman-mountica-velka-lomnica-golf-chalety-vysoke-tatry8-min-2048x1365.webp 2048w\" sizes=\"(max-width: 120px) 100vw, 120px\" \/>\n                        <\/div>\n                    <\/a><a data-id=\"3\" data-title=\"\" data-image=\"https:\/\/www.mountica.sk\/wp-content\/uploads\/2023\/09\/apartman-mountica-velka-lomnica-golf-chalety-vysoke-tatry7-min.webp\" href=\"https:\/\/www.mountica.sk\/wp-content\/uploads\/2023\/09\/apartman-mountica-velka-lomnica-golf-chalety-vysoke-tatry7-min.webp\" class=\"jeg_preview_item \">\n                        <div class=\"jeg_preview_item_thumbnail\">\n                            <img loading=\"lazy\" decoding=\"async\" width=\"120\" height=\"80\" src=\"https:\/\/www.mountica.sk\/wp-content\/uploads\/2023\/09\/apartman-mountica-velka-lomnica-golf-chalety-vysoke-tatry7-min.webp\" class=\"attachment-jeg-120x86 size-jeg-120x86\" alt=\"\" srcset=\"https:\/\/www.mountica.sk\/wp-content\/uploads\/2023\/09\/apartman-mountica-velka-lomnica-golf-chalety-vysoke-tatry7-min.webp 2560w, https:\/\/www.mountica.sk\/wp-content\/uploads\/2023\/09\/apartman-mountica-velka-lomnica-golf-chalety-vysoke-tatry7-min-300x200.webp 300w, https:\/\/www.mountica.sk\/wp-content\/uploads\/2023\/09\/apartman-mountica-velka-lomnica-golf-chalety-vysoke-tatry7-min-1024x683.webp 1024w, https:\/\/www.mountica.sk\/wp-content\/uploads\/2023\/09\/apartman-mountica-velka-lomnica-golf-chalety-vysoke-tatry7-min-768x512.webp 768w, https:\/\/www.mountica.sk\/wp-content\/uploads\/2023\/09\/apartman-mountica-velka-lomnica-golf-chalety-vysoke-tatry7-min-1536x1024.webp 1536w, https:\/\/www.mountica.sk\/wp-content\/uploads\/2023\/09\/apartman-mountica-velka-lomnica-golf-chalety-vysoke-tatry7-min-2048x1366.webp 2048w\" sizes=\"(max-width: 120px) 100vw, 120px\" \/>\n                        <\/div>\n                    <\/a><a data-id=\"4\" data-title=\"\" data-image=\"https:\/\/www.mountica.sk\/wp-content\/uploads\/2023\/09\/apartman-mountica-velka-lomnica-golf-chalety-vysoke-tatry6-min.webp\" href=\"https:\/\/www.mountica.sk\/wp-content\/uploads\/2023\/09\/apartman-mountica-velka-lomnica-golf-chalety-vysoke-tatry6-min.webp\" class=\"jeg_preview_item \">\n                        <div class=\"jeg_preview_item_thumbnail\">\n                            <img loading=\"lazy\" decoding=\"async\" width=\"120\" height=\"80\" src=\"https:\/\/www.mountica.sk\/wp-content\/uploads\/2023\/09\/apartman-mountica-velka-lomnica-golf-chalety-vysoke-tatry6-min.webp\" class=\"attachment-jeg-120x86 size-jeg-120x86\" alt=\"\" srcset=\"https:\/\/www.mountica.sk\/wp-content\/uploads\/2023\/09\/apartman-mountica-velka-lomnica-golf-chalety-vysoke-tatry6-min.webp 2560w, https:\/\/www.mountica.sk\/wp-content\/uploads\/2023\/09\/apartman-mountica-velka-lomnica-golf-chalety-vysoke-tatry6-min-300x200.webp 300w, https:\/\/www.mountica.sk\/wp-content\/uploads\/2023\/09\/apartman-mountica-velka-lomnica-golf-chalety-vysoke-tatry6-min-1024x684.webp 1024w, https:\/\/www.mountica.sk\/wp-content\/uploads\/2023\/09\/apartman-mountica-velka-lomnica-golf-chalety-vysoke-tatry6-min-768x513.webp 768w, https:\/\/www.mountica.sk\/wp-content\/uploads\/2023\/09\/apartman-mountica-velka-lomnica-golf-chalety-vysoke-tatry6-min-1536x1025.webp 1536w, https:\/\/www.mountica.sk\/wp-content\/uploads\/2023\/09\/apartman-mountica-velka-lomnica-golf-chalety-vysoke-tatry6-min-2048x1367.webp 2048w\" sizes=\"(max-width: 120px) 100vw, 120px\" \/>\n                        <\/div>\n                    <\/a><a data-id=\"5\" data-title=\"\" data-image=\"https:\/\/www.mountica.sk\/wp-content\/uploads\/2023\/09\/apartman-mountica-velka-lomnica-golf-chalety-vysoke-tatry5-min.webp\" href=\"https:\/\/www.mountica.sk\/wp-content\/uploads\/2023\/09\/apartman-mountica-velka-lomnica-golf-chalety-vysoke-tatry5-min.webp\" class=\"jeg_preview_item \">\n                        <div class=\"jeg_preview_item_thumbnail\">\n                            <img loading=\"lazy\" decoding=\"async\" width=\"120\" height=\"80\" src=\"https:\/\/www.mountica.sk\/wp-content\/uploads\/2023\/09\/apartman-mountica-velka-lomnica-golf-chalety-vysoke-tatry5-min.webp\" class=\"attachment-jeg-120x86 size-jeg-120x86\" alt=\"\" srcset=\"https:\/\/www.mountica.sk\/wp-content\/uploads\/2023\/09\/apartman-mountica-velka-lomnica-golf-chalety-vysoke-tatry5-min.webp 2560w, https:\/\/www.mountica.sk\/wp-content\/uploads\/2023\/09\/apartman-mountica-velka-lomnica-golf-chalety-vysoke-tatry5-min-300x200.webp 300w, https:\/\/www.mountica.sk\/wp-content\/uploads\/2023\/09\/apartman-mountica-velka-lomnica-golf-chalety-vysoke-tatry5-min-1024x683.webp 1024w, https:\/\/www.mountica.sk\/wp-content\/uploads\/2023\/09\/apartman-mountica-velka-lomnica-golf-chalety-vysoke-tatry5-min-768x512.webp 768w, https:\/\/www.mountica.sk\/wp-content\/uploads\/2023\/09\/apartman-mountica-velka-lomnica-golf-chalety-vysoke-tatry5-min-1536x1024.webp 1536w, https:\/\/www.mountica.sk\/wp-content\/uploads\/2023\/09\/apartman-mountica-velka-lomnica-golf-chalety-vysoke-tatry5-min-2048x1366.webp 2048w\" sizes=\"(max-width: 120px) 100vw, 120px\" \/>\n                        <\/div>\n                    <\/a><a data-id=\"6\" data-title=\"\" data-image=\"https:\/\/www.mountica.sk\/wp-content\/uploads\/2023\/09\/apartman-mountica-velka-lomnica-golf-chalety-vysoke-tatry4-min.webp\" href=\"https:\/\/www.mountica.sk\/wp-content\/uploads\/2023\/09\/apartman-mountica-velka-lomnica-golf-chalety-vysoke-tatry4-min.webp\" class=\"jeg_preview_item \">\n                        <div class=\"jeg_preview_item_thumbnail\">\n                            <img loading=\"lazy\" decoding=\"async\" width=\"120\" height=\"80\" src=\"https:\/\/www.mountica.sk\/wp-content\/uploads\/2023\/09\/apartman-mountica-velka-lomnica-golf-chalety-vysoke-tatry4-min.webp\" class=\"attachment-jeg-120x86 size-jeg-120x86\" alt=\"\" srcset=\"https:\/\/www.mountica.sk\/wp-content\/uploads\/2023\/09\/apartman-mountica-velka-lomnica-golf-chalety-vysoke-tatry4-min.webp 2560w, https:\/\/www.mountica.sk\/wp-content\/uploads\/2023\/09\/apartman-mountica-velka-lomnica-golf-chalety-vysoke-tatry4-min-300x200.webp 300w, https:\/\/www.mountica.sk\/wp-content\/uploads\/2023\/09\/apartman-mountica-velka-lomnica-golf-chalety-vysoke-tatry4-min-1024x683.webp 1024w, https:\/\/www.mountica.sk\/wp-content\/uploads\/2023\/09\/apartman-mountica-velka-lomnica-golf-chalety-vysoke-tatry4-min-768x512.webp 768w, https:\/\/www.mountica.sk\/wp-content\/uploads\/2023\/09\/apartman-mountica-velka-lomnica-golf-chalety-vysoke-tatry4-min-1536x1024.webp 1536w, https:\/\/www.mountica.sk\/wp-content\/uploads\/2023\/09\/apartman-mountica-velka-lomnica-golf-chalety-vysoke-tatry4-min-2048x1366.webp 2048w\" sizes=\"(max-width: 120px) 100vw, 120px\" \/>\n                        <\/div>\n                    <\/a><a data-id=\"7\" data-title=\"\" data-image=\"https:\/\/www.mountica.sk\/wp-content\/uploads\/2023\/09\/apartman-mountica-velka-lomnica-golf-chalety-vysoke-tatry3-min.webp\" href=\"https:\/\/www.mountica.sk\/wp-content\/uploads\/2023\/09\/apartman-mountica-velka-lomnica-golf-chalety-vysoke-tatry3-min.webp\" class=\"jeg_preview_item \">\n                        <div class=\"jeg_preview_item_thumbnail\">\n                            <img loading=\"lazy\" decoding=\"async\" width=\"120\" height=\"80\" src=\"https:\/\/www.mountica.sk\/wp-content\/uploads\/2023\/09\/apartman-mountica-velka-lomnica-golf-chalety-vysoke-tatry3-min.webp\" class=\"attachment-jeg-120x86 size-jeg-120x86\" alt=\"\" srcset=\"https:\/\/www.mountica.sk\/wp-content\/uploads\/2023\/09\/apartman-mountica-velka-lomnica-golf-chalety-vysoke-tatry3-min.webp 2560w, https:\/\/www.mountica.sk\/wp-content\/uploads\/2023\/09\/apartman-mountica-velka-lomnica-golf-chalety-vysoke-tatry3-min-300x200.webp 300w, https:\/\/www.mountica.sk\/wp-content\/uploads\/2023\/09\/apartman-mountica-velka-lomnica-golf-chalety-vysoke-tatry3-min-1024x683.webp 1024w, https:\/\/www.mountica.sk\/wp-content\/uploads\/2023\/09\/apartman-mountica-velka-lomnica-golf-chalety-vysoke-tatry3-min-768x512.webp 768w, https:\/\/www.mountica.sk\/wp-content\/uploads\/2023\/09\/apartman-mountica-velka-lomnica-golf-chalety-vysoke-tatry3-min-1536x1024.webp 1536w, https:\/\/www.mountica.sk\/wp-content\/uploads\/2023\/09\/apartman-mountica-velka-lomnica-golf-chalety-vysoke-tatry3-min-2048x1366.webp 2048w\" sizes=\"(max-width: 120px) 100vw, 120px\" \/>\n                        <\/div>\n                    <\/a><a data-id=\"8\" data-title=\"\" data-image=\"https:\/\/www.mountica.sk\/wp-content\/uploads\/2023\/09\/apartman-mountica-jasna-demanovska-dolina-podzim-foto5-min.webp\" href=\"https:\/\/www.mountica.sk\/wp-content\/uploads\/2023\/09\/apartman-mountica-jasna-demanovska-dolina-podzim-foto5-min.webp\" class=\"jeg_preview_item \">\n                        <div class=\"jeg_preview_item_thumbnail\">\n                            <img loading=\"lazy\" decoding=\"async\" width=\"120\" height=\"80\" src=\"https:\/\/www.mountica.sk\/wp-content\/uploads\/2023\/09\/apartman-mountica-jasna-demanovska-dolina-podzim-foto5-min.webp\" class=\"attachment-jeg-120x86 size-jeg-120x86\" alt=\"\" srcset=\"https:\/\/www.mountica.sk\/wp-content\/uploads\/2023\/09\/apartman-mountica-jasna-demanovska-dolina-podzim-foto5-min.webp 2560w, https:\/\/www.mountica.sk\/wp-content\/uploads\/2023\/09\/apartman-mountica-jasna-demanovska-dolina-podzim-foto5-min-300x200.webp 300w, https:\/\/www.mountica.sk\/wp-content\/uploads\/2023\/09\/apartman-mountica-jasna-demanovska-dolina-podzim-foto5-min-1024x683.webp 1024w, https:\/\/www.mountica.sk\/wp-content\/uploads\/2023\/09\/apartman-mountica-jasna-demanovska-dolina-podzim-foto5-min-768x512.webp 768w, https:\/\/www.mountica.sk\/wp-content\/uploads\/2023\/09\/apartman-mountica-jasna-demanovska-dolina-podzim-foto5-min-1536x1024.webp 1536w, https:\/\/www.mountica.sk\/wp-content\/uploads\/2023\/09\/apartman-mountica-jasna-demanovska-dolina-podzim-foto5-min-2048x1366.webp 2048w\" sizes=\"(max-width: 120px) 100vw, 120px\" \/>\n                        <\/div>\n                    <\/a><a data-id=\"9\" data-title=\"\" data-image=\"https:\/\/www.mountica.sk\/wp-content\/uploads\/2023\/09\/apartman-mountica-jasna-demanovska-dolina-podzim-foto6-min.webp\" href=\"https:\/\/www.mountica.sk\/wp-content\/uploads\/2023\/09\/apartman-mountica-jasna-demanovska-dolina-podzim-foto6-min.webp\" class=\"jeg_preview_item \">\n                        <div class=\"jeg_preview_item_thumbnail\">\n                            <img loading=\"lazy\" decoding=\"async\" width=\"120\" height=\"80\" src=\"https:\/\/www.mountica.sk\/wp-content\/uploads\/2023\/09\/apartman-mountica-jasna-demanovska-dolina-podzim-foto6-min.webp\" class=\"attachment-jeg-120x86 size-jeg-120x86\" alt=\"\" srcset=\"https:\/\/www.mountica.sk\/wp-content\/uploads\/2023\/09\/apartman-mountica-jasna-demanovska-dolina-podzim-foto6-min.webp 2560w, https:\/\/www.mountica.sk\/wp-content\/uploads\/2023\/09\/apartman-mountica-jasna-demanovska-dolina-podzim-foto6-min-300x200.webp 300w, https:\/\/www.mountica.sk\/wp-content\/uploads\/2023\/09\/apartman-mountica-jasna-demanovska-dolina-podzim-foto6-min-1024x683.webp 1024w, https:\/\/www.mountica.sk\/wp-content\/uploads\/2023\/09\/apartman-mountica-jasna-demanovska-dolina-podzim-foto6-min-768x512.webp 768w, https:\/\/www.mountica.sk\/wp-content\/uploads\/2023\/09\/apartman-mountica-jasna-demanovska-dolina-podzim-foto6-min-1536x1024.webp 1536w, https:\/\/www.mountica.sk\/wp-content\/uploads\/2023\/09\/apartman-mountica-jasna-demanovska-dolina-podzim-foto6-min-2048x1366.webp 2048w\" sizes=\"(max-width: 120px) 100vw, 120px\" \/>\n                        <\/div>\n                    <\/a><a data-id=\"10\" data-title=\"\" data-image=\"https:\/\/www.mountica.sk\/wp-content\/uploads\/2023\/09\/apartman-mountica-jasna-demanovska-dolina-podzim-foto7-min.webp\" href=\"https:\/\/www.mountica.sk\/wp-content\/uploads\/2023\/09\/apartman-mountica-jasna-demanovska-dolina-podzim-foto7-min.webp\" class=\"jeg_preview_item \">\n                        <div class=\"jeg_preview_item_thumbnail\">\n                            <img loading=\"lazy\" decoding=\"async\" width=\"120\" height=\"80\" src=\"https:\/\/www.mountica.sk\/wp-content\/uploads\/2023\/09\/apartman-mountica-jasna-demanovska-dolina-podzim-foto7-min.webp\" class=\"attachment-jeg-120x86 size-jeg-120x86\" alt=\"\" srcset=\"https:\/\/www.mountica.sk\/wp-content\/uploads\/2023\/09\/apartman-mountica-jasna-demanovska-dolina-podzim-foto7-min.webp 2560w, https:\/\/www.mountica.sk\/wp-content\/uploads\/2023\/09\/apartman-mountica-jasna-demanovska-dolina-podzim-foto7-min-300x200.webp 300w, https:\/\/www.mountica.sk\/wp-content\/uploads\/2023\/09\/apartman-mountica-jasna-demanovska-dolina-podzim-foto7-min-1024x683.webp 1024w, https:\/\/www.mountica.sk\/wp-content\/uploads\/2023\/09\/apartman-mountica-jasna-demanovska-dolina-podzim-foto7-min-768x512.webp 768w, https:\/\/www.mountica.sk\/wp-content\/uploads\/2023\/09\/apartman-mountica-jasna-demanovska-dolina-podzim-foto7-min-1536x1024.webp 1536w, https:\/\/www.mountica.sk\/wp-content\/uploads\/2023\/09\/apartman-mountica-jasna-demanovska-dolina-podzim-foto7-min-2048x1366.webp 2048w\" sizes=\"(max-width: 120px) 100vw, 120px\" \/>\n                        <\/div>\n                    <\/a><a data-id=\"11\" data-title=\"\" data-image=\"https:\/\/www.mountica.sk\/wp-content\/uploads\/2023\/09\/apartman-mountica-jasna-demanovska-dolina-podzim-foto11-min.webp\" href=\"https:\/\/www.mountica.sk\/wp-content\/uploads\/2023\/09\/apartman-mountica-jasna-demanovska-dolina-podzim-foto11-min.webp\" class=\"jeg_preview_item \">\n                        <div class=\"jeg_preview_item_thumbnail\">\n                            <img loading=\"lazy\" decoding=\"async\" width=\"120\" height=\"80\" src=\"https:\/\/www.mountica.sk\/wp-content\/uploads\/2023\/09\/apartman-mountica-jasna-demanovska-dolina-podzim-foto11-min.webp\" class=\"attachment-jeg-120x86 size-jeg-120x86\" alt=\"\" srcset=\"https:\/\/www.mountica.sk\/wp-content\/uploads\/2023\/09\/apartman-mountica-jasna-demanovska-dolina-podzim-foto11-min.webp 2560w, https:\/\/www.mountica.sk\/wp-content\/uploads\/2023\/09\/apartman-mountica-jasna-demanovska-dolina-podzim-foto11-min-300x200.webp 300w, https:\/\/www.mountica.sk\/wp-content\/uploads\/2023\/09\/apartman-mountica-jasna-demanovska-dolina-podzim-foto11-min-1024x684.webp 1024w, https:\/\/www.mountica.sk\/wp-content\/uploads\/2023\/09\/apartman-mountica-jasna-demanovska-dolina-podzim-foto11-min-768x513.webp 768w, https:\/\/www.mountica.sk\/wp-content\/uploads\/2023\/09\/apartman-mountica-jasna-demanovska-dolina-podzim-foto11-min-1536x1025.webp 1536w, https:\/\/www.mountica.sk\/wp-content\/uploads\/2023\/09\/apartman-mountica-jasna-demanovska-dolina-podzim-foto11-min-2048x1367.webp 2048w\" sizes=\"(max-width: 120px) 100vw, 120px\" \/>\n                        <\/div>\n                    <\/a><a data-id=\"12\" data-title=\"\" data-image=\"https:\/\/www.mountica.sk\/wp-content\/uploads\/2023\/09\/apartman-mountica-jasna-demanovska-dolina-podzim-foto12-min.webp\" href=\"https:\/\/www.mountica.sk\/wp-content\/uploads\/2023\/09\/apartman-mountica-jasna-demanovska-dolina-podzim-foto12-min.webp\" class=\"jeg_preview_item \">\n                        <div class=\"jeg_preview_item_thumbnail\">\n                            <img loading=\"lazy\" decoding=\"async\" width=\"120\" height=\"80\" src=\"https:\/\/www.mountica.sk\/wp-content\/uploads\/2023\/09\/apartman-mountica-jasna-demanovska-dolina-podzim-foto12-min.webp\" class=\"attachment-jeg-120x86 size-jeg-120x86\" alt=\"\" srcset=\"https:\/\/www.mountica.sk\/wp-content\/uploads\/2023\/09\/apartman-mountica-jasna-demanovska-dolina-podzim-foto12-min.webp 2560w, https:\/\/www.mountica.sk\/wp-content\/uploads\/2023\/09\/apartman-mountica-jasna-demanovska-dolina-podzim-foto12-min-300x200.webp 300w, https:\/\/www.mountica.sk\/wp-content\/uploads\/2023\/09\/apartman-mountica-jasna-demanovska-dolina-podzim-foto12-min-1024x683.webp 1024w, https:\/\/www.mountica.sk\/wp-content\/uploads\/2023\/09\/apartman-mountica-jasna-demanovska-dolina-podzim-foto12-min-768x512.webp 768w, https:\/\/www.mountica.sk\/wp-content\/uploads\/2023\/09\/apartman-mountica-jasna-demanovska-dolina-podzim-foto12-min-1536x1024.webp 1536w, https:\/\/www.mountica.sk\/wp-content\/uploads\/2023\/09\/apartman-mountica-jasna-demanovska-dolina-podzim-foto12-min-2048x1366.webp 2048w\" sizes=\"(max-width: 120px) 100vw, 120px\" \/>\n                        <\/div>\n                    <\/a><a data-id=\"13\" data-title=\"\" data-image=\"https:\/\/www.mountica.sk\/wp-content\/uploads\/2023\/09\/apartman-mountica-jasna-demanovska-dolina-podzim-foto10-min.webp\" href=\"https:\/\/www.mountica.sk\/wp-content\/uploads\/2023\/09\/apartman-mountica-jasna-demanovska-dolina-podzim-foto10-min.webp\" class=\"jeg_preview_item \">\n                        <div class=\"jeg_preview_item_thumbnail\">\n                            <img loading=\"lazy\" decoding=\"async\" width=\"120\" height=\"80\" src=\"https:\/\/www.mountica.sk\/wp-content\/uploads\/2023\/09\/apartman-mountica-jasna-demanovska-dolina-podzim-foto10-min.webp\" class=\"attachment-jeg-120x86 size-jeg-120x86\" alt=\"\" srcset=\"https:\/\/www.mountica.sk\/wp-content\/uploads\/2023\/09\/apartman-mountica-jasna-demanovska-dolina-podzim-foto10-min.webp 2560w, https:\/\/www.mountica.sk\/wp-content\/uploads\/2023\/09\/apartman-mountica-jasna-demanovska-dolina-podzim-foto10-min-300x200.webp 300w, https:\/\/www.mountica.sk\/wp-content\/uploads\/2023\/09\/apartman-mountica-jasna-demanovska-dolina-podzim-foto10-min-1024x683.webp 1024w, https:\/\/www.mountica.sk\/wp-content\/uploads\/2023\/09\/apartman-mountica-jasna-demanovska-dolina-podzim-foto10-min-768x512.webp 768w, https:\/\/www.mountica.sk\/wp-content\/uploads\/2023\/09\/apartman-mountica-jasna-demanovska-dolina-podzim-foto10-min-1536x1024.webp 1536w, https:\/\/www.mountica.sk\/wp-content\/uploads\/2023\/09\/apartman-mountica-jasna-demanovska-dolina-podzim-foto10-min-2048x1366.webp 2048w\" sizes=\"(max-width: 120px) 100vw, 120px\" \/>\n                        <\/div>\n                    <\/a><a data-id=\"14\" data-title=\"created by dji camera\" data-image=\"https:\/\/www.mountica.sk\/wp-content\/uploads\/2023\/09\/org_HDR-125-scaled.jpg\" href=\"https:\/\/www.mountica.sk\/wp-content\/uploads\/2023\/09\/org_HDR-125-scaled.jpg\" class=\"jeg_preview_item \">\n                        <div class=\"jeg_preview_item_thumbnail\">\n                            <img loading=\"lazy\" decoding=\"async\" width=\"115\" height=\"86\" src=\"https:\/\/www.mountica.sk\/wp-content\/uploads\/2023\/09\/org_HDR-125-scaled.jpg\" class=\"attachment-jeg-120x86 size-jeg-120x86\" alt=\"\" srcset=\"https:\/\/www.mountica.sk\/wp-content\/uploads\/2023\/09\/org_HDR-125-scaled.jpg 2560w, https:\/\/www.mountica.sk\/wp-content\/uploads\/2023\/09\/org_HDR-125-300x225.jpg 300w, https:\/\/www.mountica.sk\/wp-content\/uploads\/2023\/09\/org_HDR-125-1024x767.jpg 1024w, https:\/\/www.mountica.sk\/wp-content\/uploads\/2023\/09\/org_HDR-125-768x576.jpg 768w, https:\/\/www.mountica.sk\/wp-content\/uploads\/2023\/09\/org_HDR-125-1536x1151.jpg 1536w, https:\/\/www.mountica.sk\/wp-content\/uploads\/2023\/09\/org_HDR-125-2048x1535.jpg 2048w\" sizes=\"(max-width: 115px) 100vw, 115px\" \/>\n                        <\/div>\n                    <\/a><a data-id=\"15\" data-title=\"\" data-image=\"https:\/\/www.mountica.sk\/wp-content\/uploads\/2023\/09\/apartman-mountica-velka-lomnica-golf-chalety-vysoke-tatry1-min.webp\" href=\"https:\/\/www.mountica.sk\/wp-content\/uploads\/2023\/09\/apartman-mountica-velka-lomnica-golf-chalety-vysoke-tatry1-min.webp\" class=\"jeg_preview_item \">\n                        <div class=\"jeg_preview_item_thumbnail\">\n                            <img loading=\"lazy\" decoding=\"async\" width=\"120\" height=\"80\" src=\"https:\/\/www.mountica.sk\/wp-content\/uploads\/2023\/09\/apartman-mountica-velka-lomnica-golf-chalety-vysoke-tatry1-min.webp\" class=\"attachment-jeg-120x86 size-jeg-120x86\" alt=\"\" srcset=\"https:\/\/www.mountica.sk\/wp-content\/uploads\/2023\/09\/apartman-mountica-velka-lomnica-golf-chalety-vysoke-tatry1-min.webp 2560w, https:\/\/www.mountica.sk\/wp-content\/uploads\/2023\/09\/apartman-mountica-velka-lomnica-golf-chalety-vysoke-tatry1-min-300x200.webp 300w, https:\/\/www.mountica.sk\/wp-content\/uploads\/2023\/09\/apartman-mountica-velka-lomnica-golf-chalety-vysoke-tatry1-min-1024x682.webp 1024w, https:\/\/www.mountica.sk\/wp-content\/uploads\/2023\/09\/apartman-mountica-velka-lomnica-golf-chalety-vysoke-tatry1-min-768x512.webp 768w, https:\/\/www.mountica.sk\/wp-content\/uploads\/2023\/09\/apartman-mountica-velka-lomnica-golf-chalety-vysoke-tatry1-min-1536x1024.webp 1536w, https:\/\/www.mountica.sk\/wp-content\/uploads\/2023\/09\/apartman-mountica-velka-lomnica-golf-chalety-vysoke-tatry1-min-2048x1365.webp 2048w\" sizes=\"(max-width: 120px) 100vw, 120px\" \/>\n                        <\/div>\n                    <\/a><a data-id=\"16\" data-title=\"\" data-image=\"https:\/\/www.mountica.sk\/wp-content\/uploads\/2023\/09\/apartman-mountica-velka-lomnica-golf-chalety-vysoke-tatry9-min.webp\" href=\"https:\/\/www.mountica.sk\/wp-content\/uploads\/2023\/09\/apartman-mountica-velka-lomnica-golf-chalety-vysoke-tatry9-min.webp\" class=\"jeg_preview_item \">\n                        <div class=\"jeg_preview_item_thumbnail\">\n                            <img loading=\"lazy\" decoding=\"async\" width=\"120\" height=\"80\" src=\"https:\/\/www.mountica.sk\/wp-content\/uploads\/2023\/09\/apartman-mountica-velka-lomnica-golf-chalety-vysoke-tatry9-min.webp\" class=\"attachment-jeg-120x86 size-jeg-120x86\" alt=\"\" srcset=\"https:\/\/www.mountica.sk\/wp-content\/uploads\/2023\/09\/apartman-mountica-velka-lomnica-golf-chalety-vysoke-tatry9-min.webp 2560w, https:\/\/www.mountica.sk\/wp-content\/uploads\/2023\/09\/apartman-mountica-velka-lomnica-golf-chalety-vysoke-tatry9-min-300x200.webp 300w, https:\/\/www.mountica.sk\/wp-content\/uploads\/2023\/09\/apartman-mountica-velka-lomnica-golf-chalety-vysoke-tatry9-min-1024x683.webp 1024w, https:\/\/www.mountica.sk\/wp-content\/uploads\/2023\/09\/apartman-mountica-velka-lomnica-golf-chalety-vysoke-tatry9-min-768x512.webp 768w, https:\/\/www.mountica.sk\/wp-content\/uploads\/2023\/09\/apartman-mountica-velka-lomnica-golf-chalety-vysoke-tatry9-min-1536x1024.webp 1536w, https:\/\/www.mountica.sk\/wp-content\/uploads\/2023\/09\/apartman-mountica-velka-lomnica-golf-chalety-vysoke-tatry9-min-2048x1366.webp 2048w\" sizes=\"(max-width: 120px) 100vw, 120px\" \/>\n                        <\/div>\n                    <\/a><a data-id=\"17\" data-title=\"\" data-image=\"https:\/\/www.mountica.sk\/wp-content\/uploads\/2023\/09\/apartman-mountica-velka-lomnica-golf-chalety-vysoke-tatry10-min.webp\" href=\"https:\/\/www.mountica.sk\/wp-content\/uploads\/2023\/09\/apartman-mountica-velka-lomnica-golf-chalety-vysoke-tatry10-min.webp\" class=\"jeg_preview_item \">\n                        <div class=\"jeg_preview_item_thumbnail\">\n                            <img loading=\"lazy\" decoding=\"async\" width=\"120\" height=\"80\" src=\"https:\/\/www.mountica.sk\/wp-content\/uploads\/2023\/09\/apartman-mountica-velka-lomnica-golf-chalety-vysoke-tatry10-min.webp\" class=\"attachment-jeg-120x86 size-jeg-120x86\" alt=\"\" srcset=\"https:\/\/www.mountica.sk\/wp-content\/uploads\/2023\/09\/apartman-mountica-velka-lomnica-golf-chalety-vysoke-tatry10-min.webp 2560w, https:\/\/www.mountica.sk\/wp-content\/uploads\/2023\/09\/apartman-mountica-velka-lomnica-golf-chalety-vysoke-tatry10-min-300x200.webp 300w, https:\/\/www.mountica.sk\/wp-content\/uploads\/2023\/09\/apartman-mountica-velka-lomnica-golf-chalety-vysoke-tatry10-min-1024x684.webp 1024w, https:\/\/www.mountica.sk\/wp-content\/uploads\/2023\/09\/apartman-mountica-velka-lomnica-golf-chalety-vysoke-tatry10-min-768x513.webp 768w, https:\/\/www.mountica.sk\/wp-content\/uploads\/2023\/09\/apartman-mountica-velka-lomnica-golf-chalety-vysoke-tatry10-min-1536x1025.webp 1536w, https:\/\/www.mountica.sk\/wp-content\/uploads\/2023\/09\/apartman-mountica-velka-lomnica-golf-chalety-vysoke-tatry10-min-2048x1367.webp 2048w\" sizes=\"(max-width: 120px) 100vw, 120px\" \/>\n                        <\/div>\n                    <\/a><a data-id=\"18\" data-title=\"\" data-image=\"https:\/\/www.mountica.sk\/wp-content\/uploads\/2023\/09\/apartman-mountica-velka-lomnica-golf-chalety-vysoke-tatry11-min.webp\" href=\"https:\/\/www.mountica.sk\/wp-content\/uploads\/2023\/09\/apartman-mountica-velka-lomnica-golf-chalety-vysoke-tatry11-min.webp\" class=\"jeg_preview_item \">\n                        <div class=\"jeg_preview_item_thumbnail\">\n                            <img loading=\"lazy\" decoding=\"async\" width=\"120\" height=\"80\" src=\"https:\/\/www.mountica.sk\/wp-content\/uploads\/2023\/09\/apartman-mountica-velka-lomnica-golf-chalety-vysoke-tatry11-min.webp\" class=\"attachment-jeg-120x86 size-jeg-120x86\" alt=\"\" srcset=\"https:\/\/www.mountica.sk\/wp-content\/uploads\/2023\/09\/apartman-mountica-velka-lomnica-golf-chalety-vysoke-tatry11-min.webp 2560w, https:\/\/www.mountica.sk\/wp-content\/uploads\/2023\/09\/apartman-mountica-velka-lomnica-golf-chalety-vysoke-tatry11-min-300x200.webp 300w, https:\/\/www.mountica.sk\/wp-content\/uploads\/2023\/09\/apartman-mountica-velka-lomnica-golf-chalety-vysoke-tatry11-min-1024x683.webp 1024w, https:\/\/www.mountica.sk\/wp-content\/uploads\/2023\/09\/apartman-mountica-velka-lomnica-golf-chalety-vysoke-tatry11-min-768x512.webp 768w, https:\/\/www.mountica.sk\/wp-content\/uploads\/2023\/09\/apartman-mountica-velka-lomnica-golf-chalety-vysoke-tatry11-min-1536x1024.webp 1536w, https:\/\/www.mountica.sk\/wp-content\/uploads\/2023\/09\/apartman-mountica-velka-lomnica-golf-chalety-vysoke-tatry11-min-2048x1366.webp 2048w\" sizes=\"(max-width: 120px) 100vw, 120px\" \/>\n                        <\/div>\n                    <\/a><a data-id=\"19\" data-title=\"\" data-image=\"https:\/\/www.mountica.sk\/wp-content\/uploads\/2023\/09\/apartman-mountica-velka-lomnica-golf-chalety-vysoke-tatry12-min.webp\" href=\"https:\/\/www.mountica.sk\/wp-content\/uploads\/2023\/09\/apartman-mountica-velka-lomnica-golf-chalety-vysoke-tatry12-min.webp\" class=\"jeg_preview_item \">\n                        <div class=\"jeg_preview_item_thumbnail\">\n                            <img loading=\"lazy\" decoding=\"async\" width=\"120\" height=\"80\" src=\"https:\/\/www.mountica.sk\/wp-content\/uploads\/2023\/09\/apartman-mountica-velka-lomnica-golf-chalety-vysoke-tatry12-min.webp\" class=\"attachment-jeg-120x86 size-jeg-120x86\" alt=\"\" srcset=\"https:\/\/www.mountica.sk\/wp-content\/uploads\/2023\/09\/apartman-mountica-velka-lomnica-golf-chalety-vysoke-tatry12-min.webp 2560w, https:\/\/www.mountica.sk\/wp-content\/uploads\/2023\/09\/apartman-mountica-velka-lomnica-golf-chalety-vysoke-tatry12-min-300x200.webp 300w, https:\/\/www.mountica.sk\/wp-content\/uploads\/2023\/09\/apartman-mountica-velka-lomnica-golf-chalety-vysoke-tatry12-min-1024x683.webp 1024w, https:\/\/www.mountica.sk\/wp-content\/uploads\/2023\/09\/apartman-mountica-velka-lomnica-golf-chalety-vysoke-tatry12-min-768x512.webp 768w, https:\/\/www.mountica.sk\/wp-content\/uploads\/2023\/09\/apartman-mountica-velka-lomnica-golf-chalety-vysoke-tatry12-min-1536x1024.webp 1536w, https:\/\/www.mountica.sk\/wp-content\/uploads\/2023\/09\/apartman-mountica-velka-lomnica-golf-chalety-vysoke-tatry12-min-2048x1366.webp 2048w\" sizes=\"(max-width: 120px) 100vw, 120px\" \/>\n                        <\/div>\n                    <\/a><a data-id=\"20\" data-title=\"\" data-image=\"https:\/\/www.mountica.sk\/wp-content\/uploads\/2023\/09\/20230811_180717-scaled.jpg\" href=\"https:\/\/www.mountica.sk\/wp-content\/uploads\/2023\/09\/20230811_180717-scaled.jpg\" class=\"jeg_preview_item \">\n                        <div class=\"jeg_preview_item_thumbnail\">\n                            <img loading=\"lazy\" decoding=\"async\" width=\"115\" height=\"86\" src=\"https:\/\/www.mountica.sk\/wp-content\/uploads\/2023\/09\/20230811_180717-scaled.jpg\" class=\"attachment-jeg-120x86 size-jeg-120x86\" alt=\"\" srcset=\"https:\/\/www.mountica.sk\/wp-content\/uploads\/2023\/09\/20230811_180717-scaled.jpg 2560w, https:\/\/www.mountica.sk\/wp-content\/uploads\/2023\/09\/20230811_180717-300x225.jpg 300w, https:\/\/www.mountica.sk\/wp-content\/uploads\/2023\/09\/20230811_180717-1024x768.jpg 1024w, https:\/\/www.mountica.sk\/wp-content\/uploads\/2023\/09\/20230811_180717-768x576.jpg 768w, https:\/\/www.mountica.sk\/wp-content\/uploads\/2023\/09\/20230811_180717-1536x1152.jpg 1536w, https:\/\/www.mountica.sk\/wp-content\/uploads\/2023\/09\/20230811_180717-2048x1536.jpg 2048w\" sizes=\"(max-width: 115px) 100vw, 115px\" \/>\n                        <\/div>\n                    <\/a><a data-id=\"21\" data-title=\"created by dji camera\" data-image=\"https:\/\/www.mountica.sk\/wp-content\/uploads\/2023\/09\/org_HDR-140-scaled.jpg\" href=\"https:\/\/www.mountica.sk\/wp-content\/uploads\/2023\/09\/org_HDR-140-scaled.jpg\" class=\"jeg_preview_item \">\n                        <div class=\"jeg_preview_item_thumbnail\">\n                            <img loading=\"lazy\" decoding=\"async\" width=\"115\" height=\"86\" src=\"https:\/\/www.mountica.sk\/wp-content\/uploads\/2023\/09\/org_HDR-140-scaled.jpg\" class=\"attachment-jeg-120x86 size-jeg-120x86\" alt=\"\" srcset=\"https:\/\/www.mountica.sk\/wp-content\/uploads\/2023\/09\/org_HDR-140-scaled.jpg 2560w, https:\/\/www.mountica.sk\/wp-content\/uploads\/2023\/09\/org_HDR-140-300x225.jpg 300w, https:\/\/www.mountica.sk\/wp-content\/uploads\/2023\/09\/org_HDR-140-1024x767.jpg 1024w, https:\/\/www.mountica.sk\/wp-content\/uploads\/2023\/09\/org_HDR-140-768x576.jpg 768w, https:\/\/www.mountica.sk\/wp-content\/uploads\/2023\/09\/org_HDR-140-1536x1151.jpg 1536w, https:\/\/www.mountica.sk\/wp-content\/uploads\/2023\/09\/org_HDR-140-2048x1535.jpg 2048w\" sizes=\"(max-width: 115px) 100vw, 115px\" \/>\n                        <\/div>\n                    <\/a>\n                <\/div>\n                    <\/div>\n                    <div class=\"jeg_preview_description\">\n                        \n                        <div class=\"jeg_preview_description_wrapper\">\n                        \n                        <\/div>\n                    <\/div>\n                    <script>\n                        var jeg_module__8_69f5adbed3bfc = {\n                            rtl: false,\n                            native_zoom: false,\n                            zoom_max: 5,\n                            zoom_step: 40,\n                            image_sequence: [{\"src\":\"https:\\\/\\\/www.mountica.sk\\\/wp-content\\\/uploads\\\/2023\\\/09\\\/org_HDR-149-scaled.jpg\",\"w\":2560,\"h\":1919,\"title\":\"created by dji camera\"},{\"src\":\"https:\\\/\\\/www.mountica.sk\\\/wp-content\\\/uploads\\\/2023\\\/09\\\/apartman-mountica-velka-lomnica-golf-chalety-vysoke-tatry-heli-1200-18-min.jpg\",\"w\":1200,\"h\":899,\"title\":\"adad\"},{\"src\":\"https:\\\/\\\/www.mountica.sk\\\/wp-content\\\/uploads\\\/2023\\\/09\\\/apartman-mountica-velka-lomnica-golf-chalety-vysoke-tatry8-min.webp\",\"w\":2560,\"h\":1706,\"title\":\"aaa\"},{\"src\":\"https:\\\/\\\/www.mountica.sk\\\/wp-content\\\/uploads\\\/2023\\\/09\\\/apartman-mountica-velka-lomnica-golf-chalety-vysoke-tatry7-min.webp\",\"w\":2560,\"h\":1707,\"title\":\"\"},{\"src\":\"https:\\\/\\\/www.mountica.sk\\\/wp-content\\\/uploads\\\/2023\\\/09\\\/apartman-mountica-velka-lomnica-golf-chalety-vysoke-tatry6-min.webp\",\"w\":2560,\"h\":1709,\"title\":\"\"},{\"src\":\"https:\\\/\\\/www.mountica.sk\\\/wp-content\\\/uploads\\\/2023\\\/09\\\/apartman-mountica-velka-lomnica-golf-chalety-vysoke-tatry5-min.webp\",\"w\":2560,\"h\":1707,\"title\":\"\"},{\"src\":\"https:\\\/\\\/www.mountica.sk\\\/wp-content\\\/uploads\\\/2023\\\/09\\\/apartman-mountica-velka-lomnica-golf-chalety-vysoke-tatry4-min.webp\",\"w\":2560,\"h\":1707,\"title\":\"\"},{\"src\":\"https:\\\/\\\/www.mountica.sk\\\/wp-content\\\/uploads\\\/2023\\\/09\\\/apartman-mountica-velka-lomnica-golf-chalety-vysoke-tatry3-min.webp\",\"w\":2560,\"h\":1707,\"title\":\"\"},{\"src\":\"https:\\\/\\\/www.mountica.sk\\\/wp-content\\\/uploads\\\/2023\\\/09\\\/apartman-mountica-jasna-demanovska-dolina-podzim-foto5-min.webp\",\"w\":2560,\"h\":1707,\"title\":\"\"},{\"src\":\"https:\\\/\\\/www.mountica.sk\\\/wp-content\\\/uploads\\\/2023\\\/09\\\/apartman-mountica-jasna-demanovska-dolina-podzim-foto6-min.webp\",\"w\":2560,\"h\":1707,\"title\":\"\"},{\"src\":\"https:\\\/\\\/www.mountica.sk\\\/wp-content\\\/uploads\\\/2023\\\/09\\\/apartman-mountica-jasna-demanovska-dolina-podzim-foto7-min.webp\",\"w\":2560,\"h\":1707,\"title\":\"\"},{\"src\":\"https:\\\/\\\/www.mountica.sk\\\/wp-content\\\/uploads\\\/2023\\\/09\\\/apartman-mountica-jasna-demanovska-dolina-podzim-foto11-min.webp\",\"w\":2560,\"h\":1709,\"title\":\"\"},{\"src\":\"https:\\\/\\\/www.mountica.sk\\\/wp-content\\\/uploads\\\/2023\\\/09\\\/apartman-mountica-jasna-demanovska-dolina-podzim-foto12-min.webp\",\"w\":2560,\"h\":1707,\"title\":\"\"},{\"src\":\"https:\\\/\\\/www.mountica.sk\\\/wp-content\\\/uploads\\\/2023\\\/09\\\/apartman-mountica-jasna-demanovska-dolina-podzim-foto10-min.webp\",\"w\":2560,\"h\":1707,\"title\":\"\"},{\"src\":\"https:\\\/\\\/www.mountica.sk\\\/wp-content\\\/uploads\\\/2023\\\/09\\\/org_HDR-125-scaled.jpg\",\"w\":2560,\"h\":1919,\"title\":\"created by dji camera\"},{\"src\":\"https:\\\/\\\/www.mountica.sk\\\/wp-content\\\/uploads\\\/2023\\\/09\\\/apartman-mountica-velka-lomnica-golf-chalety-vysoke-tatry1-min.webp\",\"w\":2560,\"h\":1706,\"title\":\"\"},{\"src\":\"https:\\\/\\\/www.mountica.sk\\\/wp-content\\\/uploads\\\/2023\\\/09\\\/apartman-mountica-velka-lomnica-golf-chalety-vysoke-tatry9-min.webp\",\"w\":2560,\"h\":1707,\"title\":\"\"},{\"src\":\"https:\\\/\\\/www.mountica.sk\\\/wp-content\\\/uploads\\\/2023\\\/09\\\/apartman-mountica-velka-lomnica-golf-chalety-vysoke-tatry10-min.webp\",\"w\":2560,\"h\":1709,\"title\":\"\"},{\"src\":\"https:\\\/\\\/www.mountica.sk\\\/wp-content\\\/uploads\\\/2023\\\/09\\\/apartman-mountica-velka-lomnica-golf-chalety-vysoke-tatry11-min.webp\",\"w\":2560,\"h\":1707,\"title\":\"\"},{\"src\":\"https:\\\/\\\/www.mountica.sk\\\/wp-content\\\/uploads\\\/2023\\\/09\\\/apartman-mountica-velka-lomnica-golf-chalety-vysoke-tatry12-min.webp\",\"w\":2560,\"h\":1707,\"title\":\"\"},{\"src\":\"https:\\\/\\\/www.mountica.sk\\\/wp-content\\\/uploads\\\/2023\\\/09\\\/20230811_180717-scaled.jpg\",\"w\":2560,\"h\":1920,\"title\":\"\"},{\"src\":\"https:\\\/\\\/www.mountica.sk\\\/wp-content\\\/uploads\\\/2023\\\/09\\\/org_HDR-140-scaled.jpg\",\"w\":2560,\"h\":1919,\"title\":\"created by dji camera\"}]\n                        };\n                    <\/script>\n                <\/div>\t\t\t\t<\/div>\n\t\t\t\t<\/div>\n\t\t\t\t\t<\/div>\n\t\t\t\t<\/div>\n\t\t\t\t<section class=\"elementor-section elementor-top-section elementor-element elementor-element-7dddba51 elementor-section-boxed elementor-section-height-default elementor-section-height-default\" data-id=\"7dddba51\" data-element_type=\"section\" data-settings=\"{&quot;background_background&quot;:&quot;classic&quot;}\">\n\t\t\t\t\t\t\t<div class=\"elementor-background-overlay\"><\/div>\n\t\t\t\t\t\t\t<div class=\"elementor-container elementor-column-gap-default\">\n\t\t\t\t\t<div class=\"elementor-column elementor-col-100 elementor-top-column elementor-element elementor-element-5a45f1a6\" data-id=\"5a45f1a6\" data-element_type=\"column\">\n\t\t\t<div class=\"elementor-widget-wrap elementor-element-populated\">\n\t\t\t\t\t\t<div class=\"elementor-element elementor-element-51a388a2 animated-slow elementor-invisible elementor-widget elementor-widget-heading\" data-id=\"51a388a2\" data-element_type=\"widget\" data-settings=\"{&quot;_animation&quot;:&quot;fadeInUp&quot;}\" data-widget_type=\"heading.default\">\n\t\t\t\t<div class=\"elementor-widget-container\">\n\t\t\t\t\t<h2 class=\"elementor-heading-title elementor-size-default\">Do you like our apartments?<\/h2>\t\t\t\t<\/div>\n\t\t\t\t<\/div>\n\t\t\t\t<div class=\"elementor-element elementor-element-50363ca7 elementor-hidden-desktop elementor-hidden-tablet elementor-hidden-mobile elementor-widget elementor-widget-text-editor\" data-id=\"50363ca7\" data-element_type=\"widget\" data-widget_type=\"text-editor.default\">\n\t\t\t\t<div class=\"elementor-widget-container\">\n\t\t\t\t\t\t\t\t\t<p>Lorem ipsum dolor sit amet, consectetur adipiscing elit, sed do eiusmod tempor incididunt ut labore et dolore magna aliqua. Ut enim ad minim veniam, quis nostrud exercitation ullamco laboris dolore conceste<\/p>\n\t\t\t\t\t\t\t\t<\/div>\n\t\t\t\t<\/div>\n\t\t\t\t<div class=\"elementor-element elementor-element-7be9f388 elementor-widget__width-auto elementor-widget-mobile__width-auto elementor-widget elementor-widget-jkit_button\" data-id=\"7be9f388\" data-element_type=\"widget\" data-widget_type=\"jkit_button.default\">\n\t\t\t\t<div class=\"elementor-widget-container\">\n\t\t\t\t\t<div  class=\"jeg-elementor-kit jkit-button  icon-position-after jeg_module__9_69f5adbed93cc\" ><a href=\"https:\/\/rezervacia.mountica.sk\/booking\/\" class=\"jkit-button-wrapper\" target=\"_blank\">Book now<\/a><\/div>\t\t\t\t<\/div>\n\t\t\t\t<\/div>\n\t\t\t\t<div class=\"elementor-element elementor-element-1eb75e7e elementor-widget__width-auto elementor-widget elementor-widget-jkit_button\" data-id=\"1eb75e7e\" data-element_type=\"widget\" data-widget_type=\"jkit_button.default\">\n\t\t\t\t<div class=\"elementor-widget-container\">\n\t\t\t\t\t<div  class=\"jeg-elementor-kit jkit-button  icon-position-after jeg_module__10_69f5adbed985c\" ><a href=\"\/contact\" class=\"jkit-button-wrapper\">Contact<\/a><\/div>\t\t\t\t<\/div>\n\t\t\t\t<\/div>\n\t\t\t\t\t<\/div>\n\t\t<\/div>\n\t\t\t\t\t<\/div>\n\t\t<\/section>\n\t\t\t\t<\/div>\n\t\t","protected":false},"excerpt":{"rendered":"<p>Get to know the whole Tatras Nature, relaxation or sport throughout the year Our apartments They fulfill everything for a perfect stay Need Lorem ipsum dolor sit amet, consectetur adipiscing elit, sed do eiusmod tempor incididunt ut labore et dolore magna aliqua. Ut enim ad minim veniam, quis nostrud exercitation Jasn\u00e1, Low Tatras Apartment directly [&hellip;]<\/p>\n","protected":false},"author":1,"featured_media":0,"parent":0,"menu_order":0,"comment_status":"closed","ping_status":"closed","template":"elementor_header_footer","meta":{"footnotes":""},"class_list":["post-3015","page","type-page","status-publish","hentry"],"yoast_head":"<!-- This site is optimized with the Yoast SEO plugin v25.3 - https:\/\/yoast.com\/wordpress\/plugins\/seo\/ -->\n<title>mountica.sk - nature, relax or sport all year round<\/title>\n<meta name=\"robots\" content=\"index, follow, max-snippet:-1, max-image-preview:large, max-video-preview:-1\" \/>\n<link rel=\"canonical\" href=\"https:\/\/www.mountica.sk\/en\/about-us\/\" \/>\n<meta property=\"og:locale\" content=\"en_US\" \/>\n<meta property=\"og:type\" content=\"article\" \/>\n<meta property=\"og:title\" content=\"mountica.sk - nature, relax or sport all year round\" \/>\n<meta property=\"og:description\" content=\"Get to know the whole Tatras Nature, relaxation or sport throughout the year Our apartments They fulfill everything for a perfect stay Need Lorem ipsum dolor sit amet, consectetur adipiscing elit, sed do eiusmod tempor incididunt ut labore et dolore magna aliqua. Ut enim ad minim veniam, quis nostrud exercitation Jasn\u00e1, Low Tatras Apartment directly [&hellip;]\" \/>\n<meta property=\"og:url\" content=\"https:\/\/www.mountica.sk\/en\/about-us\/\" \/>\n<meta property=\"og:site_name\" content=\"mountica.sk\" \/>\n<meta property=\"article:publisher\" content=\"https:\/\/www.facebook.com\/mountica.sk\" \/>\n<meta property=\"article:modified_time\" content=\"2024-02-15T13:28:48+00:00\" \/>\n<meta property=\"og:image\" content=\"https:\/\/www.mountica.sk\/wp-content\/uploads\/2023\/08\/apartman-mountica-jasna-demanovska-dolina-zima-nikon-1900px-5-min-1024x683.webp\" \/>\n<meta name=\"twitter:card\" content=\"summary_large_image\" \/>\n<meta name=\"twitter:label1\" content=\"Est. reading time\" \/>\n\t<meta name=\"twitter:data1\" content=\"2 minutes\" \/>\n<script type=\"application\/ld+json\" class=\"yoast-schema-graph\">{\"@context\":\"https:\/\/schema.org\",\"@graph\":[{\"@type\":\"WebPage\",\"@id\":\"https:\/\/www.mountica.sk\/en\/about-us\/\",\"url\":\"https:\/\/www.mountica.sk\/en\/about-us\/\",\"name\":\"mountica.sk - nature, relax or sport all year round\",\"isPartOf\":{\"@id\":\"https:\/\/www.mountica.sk\/#website\"},\"primaryImageOfPage\":{\"@id\":\"https:\/\/www.mountica.sk\/en\/about-us\/#primaryimage\"},\"image\":{\"@id\":\"https:\/\/www.mountica.sk\/en\/about-us\/#primaryimage\"},\"thumbnailUrl\":\"https:\/\/www.mountica.sk\/wp-content\/uploads\/2023\/08\/apartman-mountica-jasna-demanovska-dolina-zima-nikon-1900px-5-min-1024x683.webp\",\"datePublished\":\"2023-01-17T15:26:08+00:00\",\"dateModified\":\"2024-02-15T13:28:48+00:00\",\"breadcrumb\":{\"@id\":\"https:\/\/www.mountica.sk\/en\/about-us\/#breadcrumb\"},\"inLanguage\":\"en-US\",\"potentialAction\":[{\"@type\":\"ReadAction\",\"target\":[\"https:\/\/www.mountica.sk\/en\/about-us\/\"]}]},{\"@type\":\"ImageObject\",\"inLanguage\":\"en-US\",\"@id\":\"https:\/\/www.mountica.sk\/en\/about-us\/#primaryimage\",\"url\":\"https:\/\/www.mountica.sk\/wp-content\/uploads\/2023\/08\/apartman-mountica-jasna-demanovska-dolina-zima-nikon-1900px-5-min-1024x683.webp\",\"contentUrl\":\"https:\/\/www.mountica.sk\/wp-content\/uploads\/2023\/08\/apartman-mountica-jasna-demanovska-dolina-zima-nikon-1900px-5-min-1024x683.webp\"},{\"@type\":\"BreadcrumbList\",\"@id\":\"https:\/\/www.mountica.sk\/en\/about-us\/#breadcrumb\",\"itemListElement\":[{\"@type\":\"ListItem\",\"position\":1,\"name\":\"Home\",\"item\":\"https:\/\/www.mountica.sk\/en\/apartments-velka-lomnica\/\"},{\"@type\":\"ListItem\",\"position\":2,\"name\":\"About us\"}]},{\"@type\":\"WebSite\",\"@id\":\"https:\/\/www.mountica.sk\/#website\",\"url\":\"https:\/\/www.mountica.sk\/\",\"name\":\"mountica.sk\",\"description\":\"Pr\u00edroda, relax \u010di \u0161port po\u010das cel\u00e9ho roka\",\"publisher\":{\"@id\":\"https:\/\/www.mountica.sk\/#organization\"},\"potentialAction\":[{\"@type\":\"SearchAction\",\"target\":{\"@type\":\"EntryPoint\",\"urlTemplate\":\"https:\/\/www.mountica.sk\/?s={search_term_string}\"},\"query-input\":{\"@type\":\"PropertyValueSpecification\",\"valueRequired\":true,\"valueName\":\"search_term_string\"}}],\"inLanguage\":\"en-US\"},{\"@type\":\"Organization\",\"@id\":\"https:\/\/www.mountica.sk\/#organization\",\"name\":\"Mountica TOP Apartments\",\"url\":\"https:\/\/www.mountica.sk\/\",\"logo\":{\"@type\":\"ImageObject\",\"inLanguage\":\"en-US\",\"@id\":\"https:\/\/www.mountica.sk\/#\/schema\/logo\/image\/\",\"url\":\"https:\/\/www.mountica.sk\/wp-content\/uploads\/2023\/08\/logo-Mountica-TA-GREEN-WEB-196px.jpg\",\"contentUrl\":\"https:\/\/www.mountica.sk\/wp-content\/uploads\/2023\/08\/logo-Mountica-TA-GREEN-WEB-196px.jpg\",\"width\":196,\"height\":196,\"caption\":\"Mountica TOP Apartments\"},\"image\":{\"@id\":\"https:\/\/www.mountica.sk\/#\/schema\/logo\/image\/\"},\"sameAs\":[\"https:\/\/www.facebook.com\/mountica.sk\",\"https:\/\/www.instagram.com\/mounticask\/\"]}]}<\/script>\n<!-- \/ Yoast SEO plugin. -->","yoast_head_json":{"title":"mountica.sk - nature, relax or sport all year round","robots":{"index":"index","follow":"follow","max-snippet":"max-snippet:-1","max-image-preview":"max-image-preview:large","max-video-preview":"max-video-preview:-1"},"canonical":"https:\/\/www.mountica.sk\/en\/about-us\/","og_locale":"en_US","og_type":"article","og_title":"mountica.sk - nature, relax or sport all year round","og_description":"Get to know the whole Tatras Nature, relaxation or sport throughout the year Our apartments They fulfill everything for a perfect stay Need Lorem ipsum dolor sit amet, consectetur adipiscing elit, sed do eiusmod tempor incididunt ut labore et dolore magna aliqua. Ut enim ad minim veniam, quis nostrud exercitation Jasn\u00e1, Low Tatras Apartment directly [&hellip;]","og_url":"https:\/\/www.mountica.sk\/en\/about-us\/","og_site_name":"mountica.sk","article_publisher":"https:\/\/www.facebook.com\/mountica.sk","article_modified_time":"2024-02-15T13:28:48+00:00","og_image":[{"url":"https:\/\/www.mountica.sk\/wp-content\/uploads\/2023\/08\/apartman-mountica-jasna-demanovska-dolina-zima-nikon-1900px-5-min-1024x683.webp","type":"","width":"","height":""}],"twitter_card":"summary_large_image","twitter_misc":{"Est. reading time":"2 minutes"},"schema":{"@context":"https:\/\/schema.org","@graph":[{"@type":"WebPage","@id":"https:\/\/www.mountica.sk\/en\/about-us\/","url":"https:\/\/www.mountica.sk\/en\/about-us\/","name":"mountica.sk - nature, relax or sport all year round","isPartOf":{"@id":"https:\/\/www.mountica.sk\/#website"},"primaryImageOfPage":{"@id":"https:\/\/www.mountica.sk\/en\/about-us\/#primaryimage"},"image":{"@id":"https:\/\/www.mountica.sk\/en\/about-us\/#primaryimage"},"thumbnailUrl":"https:\/\/www.mountica.sk\/wp-content\/uploads\/2023\/08\/apartman-mountica-jasna-demanovska-dolina-zima-nikon-1900px-5-min-1024x683.webp","datePublished":"2023-01-17T15:26:08+00:00","dateModified":"2024-02-15T13:28:48+00:00","breadcrumb":{"@id":"https:\/\/www.mountica.sk\/en\/about-us\/#breadcrumb"},"inLanguage":"en-US","potentialAction":[{"@type":"ReadAction","target":["https:\/\/www.mountica.sk\/en\/about-us\/"]}]},{"@type":"ImageObject","inLanguage":"en-US","@id":"https:\/\/www.mountica.sk\/en\/about-us\/#primaryimage","url":"https:\/\/www.mountica.sk\/wp-content\/uploads\/2023\/08\/apartman-mountica-jasna-demanovska-dolina-zima-nikon-1900px-5-min-1024x683.webp","contentUrl":"https:\/\/www.mountica.sk\/wp-content\/uploads\/2023\/08\/apartman-mountica-jasna-demanovska-dolina-zima-nikon-1900px-5-min-1024x683.webp"},{"@type":"BreadcrumbList","@id":"https:\/\/www.mountica.sk\/en\/about-us\/#breadcrumb","itemListElement":[{"@type":"ListItem","position":1,"name":"Home","item":"https:\/\/www.mountica.sk\/en\/apartments-velka-lomnica\/"},{"@type":"ListItem","position":2,"name":"About us"}]},{"@type":"WebSite","@id":"https:\/\/www.mountica.sk\/#website","url":"https:\/\/www.mountica.sk\/","name":"mountica.sk","description":"Pr\u00edroda, relax \u010di \u0161port po\u010das cel\u00e9ho roka","publisher":{"@id":"https:\/\/www.mountica.sk\/#organization"},"potentialAction":[{"@type":"SearchAction","target":{"@type":"EntryPoint","urlTemplate":"https:\/\/www.mountica.sk\/?s={search_term_string}"},"query-input":{"@type":"PropertyValueSpecification","valueRequired":true,"valueName":"search_term_string"}}],"inLanguage":"en-US"},{"@type":"Organization","@id":"https:\/\/www.mountica.sk\/#organization","name":"Mountica TOP Apartments","url":"https:\/\/www.mountica.sk\/","logo":{"@type":"ImageObject","inLanguage":"en-US","@id":"https:\/\/www.mountica.sk\/#\/schema\/logo\/image\/","url":"https:\/\/www.mountica.sk\/wp-content\/uploads\/2023\/08\/logo-Mountica-TA-GREEN-WEB-196px.jpg","contentUrl":"https:\/\/www.mountica.sk\/wp-content\/uploads\/2023\/08\/logo-Mountica-TA-GREEN-WEB-196px.jpg","width":196,"height":196,"caption":"Mountica TOP Apartments"},"image":{"@id":"https:\/\/www.mountica.sk\/#\/schema\/logo\/image\/"},"sameAs":["https:\/\/www.facebook.com\/mountica.sk","https:\/\/www.instagram.com\/mounticask\/"]}]}},"_links":{"self":[{"href":"https:\/\/www.mountica.sk\/en\/wp-json\/wp\/v2\/pages\/3015","targetHints":{"allow":["GET"]}}],"collection":[{"href":"https:\/\/www.mountica.sk\/en\/wp-json\/wp\/v2\/pages"}],"about":[{"href":"https:\/\/www.mountica.sk\/en\/wp-json\/wp\/v2\/types\/page"}],"author":[{"embeddable":true,"href":"https:\/\/www.mountica.sk\/en\/wp-json\/wp\/v2\/users\/1"}],"replies":[{"embeddable":true,"href":"https:\/\/www.mountica.sk\/en\/wp-json\/wp\/v2\/comments?post=3015"}],"version-history":[{"count":13,"href":"https:\/\/www.mountica.sk\/en\/wp-json\/wp\/v2\/pages\/3015\/revisions"}],"predecessor-version":[{"id":3281,"href":"https:\/\/www.mountica.sk\/en\/wp-json\/wp\/v2\/pages\/3015\/revisions\/3281"}],"wp:attachment":[{"href":"https:\/\/www.mountica.sk\/en\/wp-json\/wp\/v2\/media?parent=3015"}],"curies":[{"name":"wp","href":"https:\/\/api.w.org\/{rel}","templated":true}]}}